{"id":989677,"date":"2026-04-27T20:24:41","date_gmt":"2026-04-28T01:24:41","guid":{"rendered":"https:\/\/www.festivaldelaimagen.com\/?page_id=989677"},"modified":"2026-04-27T22:00:13","modified_gmt":"2026-04-28T03:00:13","slug":"exhibiciones-ingles","status":"publish","type":"page","link":"https:\/\/www.festivaldelaimagen.com\/?page_id=989677&lang=en","title":{"rendered":"Exhibiciones &#8211; Ingles"},"content":{"rendered":"\t\t<div data-elementor-type=\"wp-page\" data-elementor-id=\"989677\" class=\"elementor elementor-989677\" data-elementor-post-type=\"page\">\n\t\t\t\t<div class=\"elementor-element elementor-element-6748e3e e-flex e-con-boxed e-con e-parent\" data-id=\"6748e3e\" data-element_type=\"container\" data-e-type=\"container\" data-settings=\"{&quot;background_background&quot;:&quot;classic&quot;,&quot;background_motion_fx_motion_fx_scrolling&quot;:&quot;yes&quot;,&quot;background_motion_fx_scale_effect&quot;:&quot;yes&quot;,&quot;background_motion_fx_scale_direction&quot;:&quot;in-out-in&quot;,&quot;background_motion_fx_devices&quot;:[&quot;desktop&quot;],&quot;background_motion_fx_scale_speed&quot;:{&quot;unit&quot;:&quot;px&quot;,&quot;size&quot;:4,&quot;sizes&quot;:[]},&quot;background_motion_fx_scale_range&quot;:{&quot;unit&quot;:&quot;%&quot;,&quot;size&quot;:&quot;&quot;,&quot;sizes&quot;:{&quot;start&quot;:20,&quot;end&quot;:80}}}\">\n\t\t\t\t\t<div class=\"e-con-inner\">\n\t\t<div class=\"elementor-element elementor-element-35b462d e-con-full e-flex e-con e-child\" data-id=\"35b462d\" data-element_type=\"container\" data-e-type=\"container\">\n\t\t\t\t<div class=\"elementor-element elementor-element-661f430 elementor-headline--style-rotate elementor-widget__width-initial elementor-invisible elementor-widget elementor-widget-animated-headline\" data-id=\"661f430\" data-element_type=\"widget\" data-e-type=\"widget\" data-settings=\"{&quot;headline_style&quot;:&quot;rotate&quot;,&quot;animation_type&quot;:&quot;swirl&quot;,&quot;_animation&quot;:&quot;fadeInUp&quot;,&quot;_animation_tablet&quot;:&quot;none&quot;,&quot;loop&quot;:&quot;yes&quot;,&quot;rotate_iteration_delay&quot;:2500}\" data-widget_type=\"animated-headline.default\">\n\t\t\t\t<div class=\"elementor-widget-container\">\n\t\t\t\t\t\t\t<h1 class=\"elementor-headline elementor-headline-animation-type-swirl elementor-headline-letters\">\n\t\t\t\t\t<span class=\"elementor-headline-plain-text elementor-headline-text-wrapper\"><strong>EX<\/strong>HI<strong>BI<\/strong>TIO<strong>NS<\/strong><\/span>\n\t\t\t\t<span class=\"elementor-headline-dynamic-wrapper elementor-headline-text-wrapper\">\n\t\t\t\t<\/span>\n\t\t\t\t<\/h1>\n\t\t\t\t\t\t<\/div>\n\t\t\t\t<\/div>\n\t\t\t\t<div class=\"elementor-element elementor-element-f2aef78 elementor-widget elementor-widget-spacer\" data-id=\"f2aef78\" data-element_type=\"widget\" data-e-type=\"widget\" data-widget_type=\"spacer.default\">\n\t\t\t\t<div class=\"elementor-widget-container\">\n\t\t\t\t\t\t\t<div class=\"elementor-spacer\">\n\t\t\t<div class=\"elementor-spacer-inner\"><\/div>\n\t\t<\/div>\n\t\t\t\t\t\t<\/div>\n\t\t\t\t<\/div>\n\t\t\t\t<div class=\"elementor-element elementor-element-85fdb01 elementor-widget elementor-widget-spacer\" data-id=\"85fdb01\" data-element_type=\"widget\" data-e-type=\"widget\" data-widget_type=\"spacer.default\">\n\t\t\t\t<div class=\"elementor-widget-container\">\n\t\t\t\t\t\t\t<div class=\"elementor-spacer\">\n\t\t\t<div class=\"elementor-spacer-inner\"><\/div>\n\t\t<\/div>\n\t\t\t\t\t\t<\/div>\n\t\t\t\t<\/div>\n\t\t\t\t<\/div>\n\t\t<div class=\"elementor-element elementor-element-9c015e0 e-con-full elementor-hidden-mobile e-flex e-con e-child\" data-id=\"9c015e0\" data-element_type=\"container\" data-e-type=\"container\">\n\t\t\t\t<\/div>\n\t\t\t\t\t<\/div>\n\t\t\t\t<\/div>\n\t\t<div class=\"elementor-element elementor-element-5209301 e-flex e-con-boxed e-con e-parent\" data-id=\"5209301\" data-element_type=\"container\" data-e-type=\"container\">\n\t\t\t\t\t<div class=\"e-con-inner\">\n\t\t\t\t<div class=\"elementor-element elementor-element-07e08f5 elementor-widget elementor-widget-spacer\" data-id=\"07e08f5\" data-element_type=\"widget\" data-e-type=\"widget\" data-widget_type=\"spacer.default\">\n\t\t\t\t<div class=\"elementor-widget-container\">\n\t\t\t\t\t\t\t<div class=\"elementor-spacer\">\n\t\t\t<div class=\"elementor-spacer-inner\"><\/div>\n\t\t<\/div>\n\t\t\t\t\t\t<\/div>\n\t\t\t\t<\/div>\n\t\t\t\t\t<\/div>\n\t\t\t\t<\/div>\n\t\t<div class=\"elementor-element elementor-element-e0a832e e-flex e-con-boxed e-con e-parent\" data-id=\"e0a832e\" data-element_type=\"container\" data-e-type=\"container\" data-settings=\"{&quot;background_background&quot;:&quot;classic&quot;}\">\n\t\t\t\t\t<div class=\"e-con-inner\">\n\t\t<div class=\"elementor-element elementor-element-fa74cae e-con-full e-flex e-con e-child\" data-id=\"fa74cae\" data-element_type=\"container\" data-e-type=\"container\">\n\t\t\t\t<div class=\"vamtam-has-theme-widget-styles elementor-element elementor-element-5fa7e78 elementor-widget elementor-widget-heading\" data-id=\"5fa7e78\" data-element_type=\"widget\" data-e-type=\"widget\" data-widget_type=\"heading.default\">\n\t\t\t\t<div class=\"elementor-widget-container\">\n\t\t\t\t\t<h6 class=\"elementor-heading-title elementor-size-default\">Schedule<\/h6>\t\t\t\t<\/div>\n\t\t\t\t<\/div>\n\t\t\t\t<\/div>\n\t\t<div class=\"elementor-element elementor-element-e1d6df0 e-con-full e-flex e-con e-child\" data-id=\"e1d6df0\" data-element_type=\"container\" data-e-type=\"container\">\n\t\t\t\t<div class=\"elementor-element elementor-element-8c20367 elementor-widget elementor-widget-text-editor\" data-id=\"8c20367\" data-element_type=\"widget\" data-e-type=\"widget\" data-settings=\"{&quot;motion_fx_motion_fx_scrolling&quot;:&quot;yes&quot;,&quot;motion_fx_opacity_effect&quot;:&quot;yes&quot;,&quot;motion_fx_opacity_range&quot;:{&quot;unit&quot;:&quot;%&quot;,&quot;size&quot;:&quot;&quot;,&quot;sizes&quot;:{&quot;start&quot;:14,&quot;end&quot;:40}},&quot;motion_fx_devices&quot;:[&quot;desktop&quot;],&quot;motion_fx_opacity_direction&quot;:&quot;out-in&quot;,&quot;motion_fx_opacity_level&quot;:{&quot;unit&quot;:&quot;px&quot;,&quot;size&quot;:10,&quot;sizes&quot;:[]}}\" data-widget_type=\"text-editor.default\">\n\t\t\t\t<div class=\"elementor-widget-container\">\n\t\t\t\t\t\t\t\t\t<h1><strong>NO PROGRAM SCHEDULE AVAILABLE<\/strong><\/h1>\t\t\t\t\t\t\t\t<\/div>\n\t\t\t\t<\/div>\n\t\t\t\t<\/div>\n\t\t\t\t\t<\/div>\n\t\t\t\t<\/div>\n\t\t<div class=\"elementor-element elementor-element-40cbef1 e-flex e-con-boxed e-con e-parent\" data-id=\"40cbef1\" data-element_type=\"container\" data-e-type=\"container\" data-settings=\"{&quot;background_background&quot;:&quot;classic&quot;}\">\n\t\t\t\t\t<div class=\"e-con-inner\">\n\t\t\t\t<div class=\"vamtam-has-theme-widget-styles elementor-element elementor-element-c354a15 elementor-widget elementor-widget-heading\" data-id=\"c354a15\" data-element_type=\"widget\" data-e-type=\"widget\" data-widget_type=\"heading.default\">\n\t\t\t\t<div class=\"elementor-widget-container\">\n\t\t\t\t\t<h6 class=\"elementor-heading-title elementor-size-default\">Artists<\/h6>\t\t\t\t<\/div>\n\t\t\t\t<\/div>\n\t\t<div class=\"elementor-element elementor-element-5316996 e-con-full e-grid e-con e-child\" data-id=\"5316996\" data-element_type=\"container\" data-e-type=\"container\">\n\t\t<div class=\"elementor-element elementor-element-f2fac0c e-con-full e-flex e-con e-child\" data-id=\"f2fac0c\" data-element_type=\"container\" data-e-type=\"container\">\n\t\t\t\t<div class=\"elementor-element elementor-element-055c8f3 elementor-widget elementor-widget-image\" data-id=\"055c8f3\" data-element_type=\"widget\" data-e-type=\"widget\" data-widget_type=\"image.default\">\n\t\t\t\t<div class=\"elementor-widget-container\">\n\t\t\t\t\t\t\t\t\t\t\t\t\t\t\t\t<a href=\"https:\/\/www.festivaldelaimagen.com\/?page_id=988611\">\n\t\t\t\t\t\t\t<img fetchpriority=\"high\" decoding=\"async\" width=\"447\" height=\"536\" src=\"https:\/\/www.festivaldelaimagen.com\/wp-content\/uploads\/2026\/04\/monika-rikic.png\" class=\"attachment-full size-full wp-image-988444\" alt=\"\" srcset=\"https:\/\/www.festivaldelaimagen.com\/wp-content\/uploads\/2026\/04\/monika-rikic.png 447w, https:\/\/www.festivaldelaimagen.com\/wp-content\/uploads\/2026\/04\/monika-rikic-250x300.png 250w\" sizes=\"(max-width: 447px) 100vw, 447px\" \/>\t\t\t\t\t\t\t\t<\/a>\n\t\t\t\t\t\t\t\t\t\t\t\t\t\t\t<\/div>\n\t\t\t\t<\/div>\n\t\t\t\t<div class=\"vamtam-has-theme-widget-styles elementor-element elementor-element-dca2506 elementor-widget elementor-widget-heading\" data-id=\"dca2506\" data-element_type=\"widget\" data-e-type=\"widget\" data-widget_type=\"heading.default\">\n\t\t\t\t<div class=\"elementor-widget-container\">\n\t\t\t\t\t<h2 class=\"elementor-heading-title elementor-size-default\">M\u00f3nica Riki\u0107 Fust\u00e9 <\/h2>\t\t\t\t<\/div>\n\t\t\t\t<\/div>\n\t\t\t\t<div class=\"vamtam-has-theme-widget-styles elementor-element elementor-element-28c638d elementor-widget elementor-widget-heading\" data-id=\"28c638d\" data-element_type=\"widget\" data-e-type=\"widget\" data-widget_type=\"heading.default\">\n\t\t\t\t<div class=\"elementor-widget-container\">\n\t\t\t\t\t<h1 class=\"elementor-heading-title elementor-size-default\">- Electronic artist focused on technology, philosophy, and critical art.<\/h1>\t\t\t\t<\/div>\n\t\t\t\t<\/div>\n\t\t\t\t<\/div>\n\t\t<div class=\"elementor-element elementor-element-70f895b e-con-full e-flex e-con e-child\" data-id=\"70f895b\" data-element_type=\"container\" data-e-type=\"container\">\n\t\t\t\t<div class=\"elementor-element elementor-element-65de09c elementor-widget elementor-widget-image\" data-id=\"65de09c\" data-element_type=\"widget\" data-e-type=\"widget\" data-widget_type=\"image.default\">\n\t\t\t\t<div class=\"elementor-widget-container\">\n\t\t\t\t\t\t\t\t\t\t\t\t\t\t\t\t<a href=\"https:\/\/www.festivaldelaimagen.com\/?page_id=988884\">\n\t\t\t\t\t\t\t<img decoding=\"async\" width=\"447\" height=\"536\" src=\"https:\/\/www.festivaldelaimagen.com\/wp-content\/uploads\/2026\/04\/carlos-serrano.png\" class=\"attachment-full size-full wp-image-988429\" alt=\"\" srcset=\"https:\/\/www.festivaldelaimagen.com\/wp-content\/uploads\/2026\/04\/carlos-serrano.png 447w, https:\/\/www.festivaldelaimagen.com\/wp-content\/uploads\/2026\/04\/carlos-serrano-250x300.png 250w\" sizes=\"(max-width: 447px) 100vw, 447px\" \/>\t\t\t\t\t\t\t\t<\/a>\n\t\t\t\t\t\t\t\t\t\t\t\t\t\t\t<\/div>\n\t\t\t\t<\/div>\n\t\t\t\t<div class=\"vamtam-has-theme-widget-styles elementor-element elementor-element-de494c3 elementor-widget elementor-widget-heading\" data-id=\"de494c3\" data-element_type=\"widget\" data-e-type=\"widget\" data-widget_type=\"heading.default\">\n\t\t\t\t<div class=\"elementor-widget-container\">\n\t\t\t\t\t<h2 class=\"elementor-heading-title elementor-size-default\">Carlos Serrano<\/h2>\t\t\t\t<\/div>\n\t\t\t\t<\/div>\n\t\t\t\t<div class=\"vamtam-has-theme-widget-styles elementor-element elementor-element-6df5d4f elementor-widget elementor-widget-heading\" data-id=\"6df5d4f\" data-element_type=\"widget\" data-e-type=\"widget\" data-widget_type=\"heading.default\">\n\t\t\t\t<div class=\"elementor-widget-container\">\n\t\t\t\t\t<h1 class=\"elementor-heading-title elementor-size-default\">- Colombian media designer and artist based in Berlin.<\/h1>\t\t\t\t<\/div>\n\t\t\t\t<\/div>\n\t\t\t\t<\/div>\n\t\t<div class=\"elementor-element elementor-element-1cc2514 e-con-full e-flex e-con e-child\" data-id=\"1cc2514\" data-element_type=\"container\" data-e-type=\"container\">\n\t\t\t\t<div class=\"elementor-element elementor-element-455a3c4 elementor-widget elementor-widget-image\" data-id=\"455a3c4\" data-element_type=\"widget\" data-e-type=\"widget\" data-widget_type=\"image.default\">\n\t\t\t\t<div class=\"elementor-widget-container\">\n\t\t\t\t\t\t\t\t\t\t\t\t\t\t\t\t<a href=\"https:\/\/www.festivaldelaimagen.com\/?page_id=988786\">\n\t\t\t\t\t\t\t<img decoding=\"async\" width=\"447\" height=\"536\" src=\"https:\/\/www.festivaldelaimagen.com\/wp-content\/uploads\/2026\/04\/toby-heis.png\" class=\"attachment-full size-full wp-image-988455\" alt=\"\" srcset=\"https:\/\/www.festivaldelaimagen.com\/wp-content\/uploads\/2026\/04\/toby-heis.png 447w, https:\/\/www.festivaldelaimagen.com\/wp-content\/uploads\/2026\/04\/toby-heis-250x300.png 250w\" sizes=\"(max-width: 447px) 100vw, 447px\" \/>\t\t\t\t\t\t\t\t<\/a>\n\t\t\t\t\t\t\t\t\t\t\t\t\t\t\t<\/div>\n\t\t\t\t<\/div>\n\t\t\t\t<div class=\"vamtam-has-theme-widget-styles elementor-element elementor-element-2af0f61 elementor-widget elementor-widget-heading\" data-id=\"2af0f61\" data-element_type=\"widget\" data-e-type=\"widget\" data-widget_type=\"heading.default\">\n\t\t\t\t<div class=\"elementor-widget-container\">\n\t\t\t\t\t<h2 class=\"elementor-heading-title elementor-size-default\">Toby Heys<\/h2>\t\t\t\t<\/div>\n\t\t\t\t<\/div>\n\t\t\t\t<div class=\"vamtam-has-theme-widget-styles elementor-element elementor-element-8415053 elementor-widget elementor-widget-heading\" data-id=\"8415053\" data-element_type=\"widget\" data-e-type=\"widget\" data-widget_type=\"heading.default\">\n\t\t\t\t<div class=\"elementor-widget-container\">\n\t\t\t\t\t<h1 class=\"elementor-heading-title elementor-size-default\">- Professor and researcher in digital media, extended reality, and sound arts.<\/h1>\t\t\t\t<\/div>\n\t\t\t\t<\/div>\n\t\t\t\t<\/div>\n\t\t<div class=\"elementor-element elementor-element-12647a7 e-con-full e-flex e-con e-child\" data-id=\"12647a7\" data-element_type=\"container\" data-e-type=\"container\">\n\t\t\t\t<div class=\"elementor-element elementor-element-343d005 elementor-widget elementor-widget-image\" data-id=\"343d005\" data-element_type=\"widget\" data-e-type=\"widget\" data-widget_type=\"image.default\">\n\t\t\t\t<div class=\"elementor-widget-container\">\n\t\t\t\t\t\t\t\t\t\t\t\t\t\t\t\t<a href=\"https:\/\/www.festivaldelaimagen.com\/?page_id=988696\">\n\t\t\t\t\t\t\t<img loading=\"lazy\" decoding=\"async\" width=\"447\" height=\"536\" src=\"https:\/\/www.festivaldelaimagen.com\/wp-content\/uploads\/2026\/04\/erik-estany.png\" class=\"attachment-full size-full wp-image-988432\" alt=\"\" srcset=\"https:\/\/www.festivaldelaimagen.com\/wp-content\/uploads\/2026\/04\/erik-estany.png 447w, https:\/\/www.festivaldelaimagen.com\/wp-content\/uploads\/2026\/04\/erik-estany-250x300.png 250w\" sizes=\"(max-width: 447px) 100vw, 447px\" \/>\t\t\t\t\t\t\t\t<\/a>\n\t\t\t\t\t\t\t\t\t\t\t\t\t\t\t<\/div>\n\t\t\t\t<\/div>\n\t\t\t\t<div class=\"vamtam-has-theme-widget-styles elementor-element elementor-element-f8f1ef2 elementor-widget elementor-widget-heading\" data-id=\"f8f1ef2\" data-element_type=\"widget\" data-e-type=\"widget\" data-widget_type=\"heading.default\">\n\t\t\t\t<div class=\"elementor-widget-container\">\n\t\t\t\t\t<h2 class=\"elementor-heading-title elementor-size-default\">Erik Estany Tigerstr\u00f6m<\/h2>\t\t\t\t<\/div>\n\t\t\t\t<\/div>\n\t\t\t\t<div class=\"vamtam-has-theme-widget-styles elementor-element elementor-element-be64cdf elementor-widget elementor-widget-heading\" data-id=\"be64cdf\" data-element_type=\"widget\" data-e-type=\"widget\" data-widget_type=\"heading.default\">\n\t\t\t\t<div class=\"elementor-widget-container\">\n\t\t\t\t\t<h1 class=\"elementor-heading-title elementor-size-default\">- Photographer, artist, and educator specialized in image, language, and technology.<\/h1>\t\t\t\t<\/div>\n\t\t\t\t<\/div>\n\t\t\t\t<\/div>\n\t\t<div class=\"elementor-element elementor-element-f1bfb29 e-con-full e-flex e-con e-child\" data-id=\"f1bfb29\" data-element_type=\"container\" data-e-type=\"container\">\n\t\t\t\t<div class=\"elementor-element elementor-element-3d3e541 elementor-widget elementor-widget-image\" data-id=\"3d3e541\" data-element_type=\"widget\" data-e-type=\"widget\" data-widget_type=\"image.default\">\n\t\t\t\t<div class=\"elementor-widget-container\">\n\t\t\t\t\t\t\t\t\t\t\t\t\t\t\t\t<a href=\"https:\/\/www.festivaldelaimagen.com\/?page_id=988756\">\n\t\t\t\t\t\t\t<img loading=\"lazy\" decoding=\"async\" width=\"447\" height=\"536\" src=\"https:\/\/www.festivaldelaimagen.com\/wp-content\/uploads\/2026\/04\/laura-colmenares.png\" class=\"attachment-full size-full wp-image-988438\" alt=\"\" srcset=\"https:\/\/www.festivaldelaimagen.com\/wp-content\/uploads\/2026\/04\/laura-colmenares.png 447w, https:\/\/www.festivaldelaimagen.com\/wp-content\/uploads\/2026\/04\/laura-colmenares-250x300.png 250w\" sizes=\"(max-width: 447px) 100vw, 447px\" \/>\t\t\t\t\t\t\t\t<\/a>\n\t\t\t\t\t\t\t\t\t\t\t\t\t\t\t<\/div>\n\t\t\t\t<\/div>\n\t\t\t\t<div class=\"vamtam-has-theme-widget-styles elementor-element elementor-element-c013651 elementor-widget elementor-widget-heading\" data-id=\"c013651\" data-element_type=\"widget\" data-e-type=\"widget\" data-widget_type=\"heading.default\">\n\t\t\t\t<div class=\"elementor-widget-container\">\n\t\t\t\t\t<h2 class=\"elementor-heading-title elementor-size-default\">Laura Colmenares<\/h2>\t\t\t\t<\/div>\n\t\t\t\t<\/div>\n\t\t\t\t<div class=\"vamtam-has-theme-widget-styles elementor-element elementor-element-e8307f3 elementor-widget elementor-widget-heading\" data-id=\"e8307f3\" data-element_type=\"widget\" data-e-type=\"widget\" data-widget_type=\"heading.default\">\n\t\t\t\t<div class=\"elementor-widget-container\">\n\t\t\t\t\t<h1 class=\"elementor-heading-title elementor-size-default\">- Colombian-Belgian artist focused on installation, sculpture, and 3D digital narratives.<\/h1>\t\t\t\t<\/div>\n\t\t\t\t<\/div>\n\t\t\t\t<\/div>\n\t\t<div class=\"elementor-element elementor-element-9199234 e-con-full e-flex e-con e-child\" data-id=\"9199234\" data-element_type=\"container\" data-e-type=\"container\">\n\t\t\t\t<div class=\"elementor-element elementor-element-9c87a40 elementor-widget elementor-widget-image\" data-id=\"9c87a40\" data-element_type=\"widget\" data-e-type=\"widget\" data-widget_type=\"image.default\">\n\t\t\t\t<div class=\"elementor-widget-container\">\n\t\t\t\t\t\t\t\t\t\t\t\t\t\t\t\t<a href=\"https:\/\/www.festivaldelaimagen.com\/?page_id=988616\">\n\t\t\t\t\t\t\t<img loading=\"lazy\" decoding=\"async\" width=\"447\" height=\"536\" src=\"https:\/\/www.festivaldelaimagen.com\/wp-content\/uploads\/2026\/04\/procesos-de-soberania-audiovisual.png\" class=\"attachment-full size-full wp-image-988448\" alt=\"\" srcset=\"https:\/\/www.festivaldelaimagen.com\/wp-content\/uploads\/2026\/04\/procesos-de-soberania-audiovisual.png 447w, https:\/\/www.festivaldelaimagen.com\/wp-content\/uploads\/2026\/04\/procesos-de-soberania-audiovisual-250x300.png 250w\" sizes=\"(max-width: 447px) 100vw, 447px\" \/>\t\t\t\t\t\t\t\t<\/a>\n\t\t\t\t\t\t\t\t\t\t\t\t\t\t\t<\/div>\n\t\t\t\t<\/div>\n\t\t\t\t<div class=\"vamtam-has-theme-widget-styles elementor-element elementor-element-9c54095 elementor-widget elementor-widget-heading\" data-id=\"9c54095\" data-element_type=\"widget\" data-e-type=\"widget\" data-widget_type=\"heading.default\">\n\t\t\t\t<div class=\"elementor-widget-container\">\n\t\t\t\t\t<h2 class=\"elementor-heading-title elementor-size-default\">Equipo de investigadores del proyecto Procesos de Soberan\u00eda Audiovisual<\/h2>\t\t\t\t<\/div>\n\t\t\t\t<\/div>\n\t\t\t\t<div class=\"vamtam-has-theme-widget-styles elementor-element elementor-element-ac8bd99 elementor-widget elementor-widget-heading\" data-id=\"ac8bd99\" data-element_type=\"widget\" data-e-type=\"widget\" data-widget_type=\"heading.default\">\n\t\t\t\t<div class=\"elementor-widget-container\">\n\t\t\t\t\t<h1 class=\"elementor-heading-title elementor-size-default\">- Transmedia project on Indigenous audiovisual autonomy and communication sovereignty.<\/h1>\t\t\t\t<\/div>\n\t\t\t\t<\/div>\n\t\t\t\t<\/div>\n\t\t<div class=\"elementor-element elementor-element-e8ff524 e-con-full e-flex e-con e-child\" data-id=\"e8ff524\" data-element_type=\"container\" data-e-type=\"container\">\n\t\t\t\t<div class=\"elementor-element elementor-element-b32660c elementor-widget elementor-widget-image\" data-id=\"b32660c\" data-element_type=\"widget\" data-e-type=\"widget\" data-widget_type=\"image.default\">\n\t\t\t\t<div class=\"elementor-widget-container\">\n\t\t\t\t\t\t\t\t\t\t\t\t\t\t\t\t<a href=\"https:\/\/www.festivaldelaimagen.com\/?page_id=988606\">\n\t\t\t\t\t\t\t<img loading=\"lazy\" decoding=\"async\" width=\"447\" height=\"536\" src=\"https:\/\/www.festivaldelaimagen.com\/wp-content\/uploads\/2026\/04\/pat-badani.png\" class=\"attachment-full size-full wp-image-988446\" alt=\"\" srcset=\"https:\/\/www.festivaldelaimagen.com\/wp-content\/uploads\/2026\/04\/pat-badani.png 447w, https:\/\/www.festivaldelaimagen.com\/wp-content\/uploads\/2026\/04\/pat-badani-250x300.png 250w\" sizes=\"(max-width: 447px) 100vw, 447px\" \/>\t\t\t\t\t\t\t\t<\/a>\n\t\t\t\t\t\t\t\t\t\t\t\t\t\t\t<\/div>\n\t\t\t\t<\/div>\n\t\t\t\t<div class=\"vamtam-has-theme-widget-styles elementor-element elementor-element-1c91982 elementor-widget elementor-widget-heading\" data-id=\"1c91982\" data-element_type=\"widget\" data-e-type=\"widget\" data-widget_type=\"heading.default\">\n\t\t\t\t<div class=\"elementor-widget-container\">\n\t\t\t\t\t<h2 class=\"elementor-heading-title elementor-size-default\">Pat Badani<\/h2>\t\t\t\t<\/div>\n\t\t\t\t<\/div>\n\t\t\t\t<div class=\"vamtam-has-theme-widget-styles elementor-element elementor-element-9b12e98 elementor-widget elementor-widget-heading\" data-id=\"9b12e98\" data-element_type=\"widget\" data-e-type=\"widget\" data-widget_type=\"heading.default\">\n\t\t\t\t<div class=\"elementor-widget-container\">\n\t\t\t\t\t<h1 class=\"elementor-heading-title elementor-size-default\">- Interdisciplinary artist, writer, and scholar working across art, science, and technology.<\/h1>\t\t\t\t<\/div>\n\t\t\t\t<\/div>\n\t\t\t\t<\/div>\n\t\t<div class=\"elementor-element elementor-element-742e3c0 e-con-full e-flex e-con e-child\" data-id=\"742e3c0\" data-element_type=\"container\" data-e-type=\"container\">\n\t\t\t\t<div class=\"elementor-element elementor-element-9c120e8 elementor-widget elementor-widget-image\" data-id=\"9c120e8\" data-element_type=\"widget\" data-e-type=\"widget\" data-widget_type=\"image.default\">\n\t\t\t\t<div class=\"elementor-widget-container\">\n\t\t\t\t\t\t\t\t\t\t\t\t\t\t\t\t<a href=\"https:\/\/www.festivaldelaimagen.com\/?page_id=988606\">\n\t\t\t\t\t\t\t<img loading=\"lazy\" decoding=\"async\" width=\"447\" height=\"536\" src=\"https:\/\/www.festivaldelaimagen.com\/wp-content\/uploads\/2026\/03\/krysztof.png\" class=\"attachment-full size-full wp-image-988411\" alt=\"\" srcset=\"https:\/\/www.festivaldelaimagen.com\/wp-content\/uploads\/2026\/03\/krysztof.png 447w, https:\/\/www.festivaldelaimagen.com\/wp-content\/uploads\/2026\/03\/krysztof-250x300.png 250w\" sizes=\"(max-width: 447px) 100vw, 447px\" \/>\t\t\t\t\t\t\t\t<\/a>\n\t\t\t\t\t\t\t\t\t\t\t\t\t\t\t<\/div>\n\t\t\t\t<\/div>\n\t\t\t\t<div class=\"vamtam-has-theme-widget-styles elementor-element elementor-element-73a058d elementor-widget elementor-widget-heading\" data-id=\"73a058d\" data-element_type=\"widget\" data-e-type=\"widget\" data-widget_type=\"heading.default\">\n\t\t\t\t<div class=\"elementor-widget-container\">\n\t\t\t\t\t<h2 class=\"elementor-heading-title elementor-size-default\">Krzysztof Garbaczewski<\/h2>\t\t\t\t<\/div>\n\t\t\t\t<\/div>\n\t\t\t\t<div class=\"vamtam-has-theme-widget-styles elementor-element elementor-element-d7f7260 elementor-widget elementor-widget-heading\" data-id=\"d7f7260\" data-element_type=\"widget\" data-e-type=\"widget\" data-widget_type=\"heading.default\">\n\t\t\t\t<div class=\"elementor-widget-container\">\n\t\t\t\t\t<h1 class=\"elementor-heading-title elementor-size-default\">- Theater director and founder of Dream Adoption Society.<\/h1>\t\t\t\t<\/div>\n\t\t\t\t<\/div>\n\t\t\t\t<\/div>\n\t\t<div class=\"elementor-element elementor-element-c6e8769 e-con-full e-flex e-con e-child\" data-id=\"c6e8769\" data-element_type=\"container\" data-e-type=\"container\">\n\t\t\t\t<div class=\"elementor-element elementor-element-612e0ce elementor-widget elementor-widget-image\" data-id=\"612e0ce\" data-element_type=\"widget\" data-e-type=\"widget\" data-widget_type=\"image.default\">\n\t\t\t\t<div class=\"elementor-widget-container\">\n\t\t\t\t\t\t\t\t\t\t\t\t\t\t\t\t<a href=\"https:\/\/www.festivaldelaimagen.com\/?page_id=988551\">\n\t\t\t\t\t\t\t<img loading=\"lazy\" decoding=\"async\" width=\"447\" height=\"536\" src=\"https:\/\/www.festivaldelaimagen.com\/wp-content\/uploads\/2026\/04\/megan-smith.png\" class=\"attachment-full size-full wp-image-988443\" alt=\"\" srcset=\"https:\/\/www.festivaldelaimagen.com\/wp-content\/uploads\/2026\/04\/megan-smith.png 447w, https:\/\/www.festivaldelaimagen.com\/wp-content\/uploads\/2026\/04\/megan-smith-250x300.png 250w\" sizes=\"(max-width: 447px) 100vw, 447px\" \/>\t\t\t\t\t\t\t\t<\/a>\n\t\t\t\t\t\t\t\t\t\t\t\t\t\t\t<\/div>\n\t\t\t\t<\/div>\n\t\t\t\t<div class=\"vamtam-has-theme-widget-styles elementor-element elementor-element-d03e119 elementor-widget elementor-widget-heading\" data-id=\"d03e119\" data-element_type=\"widget\" data-e-type=\"widget\" data-widget_type=\"heading.default\">\n\t\t\t\t<div class=\"elementor-widget-container\">\n\t\t\t\t\t<h2 class=\"elementor-heading-title elementor-size-default\">Megan Smith <\/h2>\t\t\t\t<\/div>\n\t\t\t\t<\/div>\n\t\t\t\t<div class=\"vamtam-has-theme-widget-styles elementor-element elementor-element-9ef5ff6 elementor-widget elementor-widget-heading\" data-id=\"9ef5ff6\" data-element_type=\"widget\" data-e-type=\"widget\" data-widget_type=\"heading.default\">\n\t\t\t\t<div class=\"elementor-widget-container\">\n\t\t\t\t\t<h1 class=\"elementor-heading-title elementor-size-default\">- New media artist, designer, and professor of creative technologies.<\/h1>\t\t\t\t<\/div>\n\t\t\t\t<\/div>\n\t\t\t\t<\/div>\n\t\t<div class=\"elementor-element elementor-element-edbf8e4 e-con-full e-flex e-con e-child\" data-id=\"edbf8e4\" data-element_type=\"container\" data-e-type=\"container\">\n\t\t\t\t<div class=\"elementor-element elementor-element-1e6d0fe elementor-widget elementor-widget-image\" data-id=\"1e6d0fe\" data-element_type=\"widget\" data-e-type=\"widget\" data-widget_type=\"image.default\">\n\t\t\t\t<div class=\"elementor-widget-container\">\n\t\t\t\t\t\t\t\t\t\t\t\t\t\t\t\t<a href=\"https:\/\/www.festivaldelaimagen.com\/?page_id=988734\">\n\t\t\t\t\t\t\t<img loading=\"lazy\" decoding=\"async\" width=\"447\" height=\"536\" src=\"https:\/\/www.festivaldelaimagen.com\/wp-content\/uploads\/2026\/04\/german-gomez.png\" class=\"attachment-full size-full wp-image-988435\" alt=\"\" srcset=\"https:\/\/www.festivaldelaimagen.com\/wp-content\/uploads\/2026\/04\/german-gomez.png 447w, https:\/\/www.festivaldelaimagen.com\/wp-content\/uploads\/2026\/04\/german-gomez-250x300.png 250w\" sizes=\"(max-width: 447px) 100vw, 447px\" \/>\t\t\t\t\t\t\t\t<\/a>\n\t\t\t\t\t\t\t\t\t\t\t\t\t\t\t<\/div>\n\t\t\t\t<\/div>\n\t\t\t\t<div class=\"vamtam-has-theme-widget-styles elementor-element elementor-element-6ce2427 elementor-widget elementor-widget-heading\" data-id=\"6ce2427\" data-element_type=\"widget\" data-e-type=\"widget\" data-widget_type=\"heading.default\">\n\t\t\t\t<div class=\"elementor-widget-container\">\n\t\t\t\t\t<h2 class=\"elementor-heading-title elementor-size-default\">Germ\u00e1n Eduardo G\u00f3mez Uribe <\/h2>\t\t\t\t<\/div>\n\t\t\t\t<\/div>\n\t\t\t\t<div class=\"vamtam-has-theme-widget-styles elementor-element elementor-element-c111e71 elementor-widget elementor-widget-heading\" data-id=\"c111e71\" data-element_type=\"widget\" data-e-type=\"widget\" data-widget_type=\"heading.default\">\n\t\t\t\t<div class=\"elementor-widget-container\">\n\t\t\t\t\t<h1 class=\"elementor-heading-title elementor-size-default\">- Visual designer and researcher in aesthetics and art history.<\/h1>\t\t\t\t<\/div>\n\t\t\t\t<\/div>\n\t\t\t\t<\/div>\n\t\t<div class=\"elementor-element elementor-element-1aa3f37 e-con-full e-flex e-con e-child\" data-id=\"1aa3f37\" data-element_type=\"container\" data-e-type=\"container\">\n\t\t\t\t<div class=\"elementor-element elementor-element-b665796 elementor-widget elementor-widget-image\" data-id=\"b665796\" data-element_type=\"widget\" data-e-type=\"widget\" data-widget_type=\"image.default\">\n\t\t\t\t<div class=\"elementor-widget-container\">\n\t\t\t\t\t\t\t\t\t\t\t\t\t\t\t\t<a href=\"https:\/\/www.festivaldelaimagen.com\/?page_id=988781\">\n\t\t\t\t\t\t\t<img loading=\"lazy\" decoding=\"async\" width=\"447\" height=\"536\" src=\"https:\/\/www.festivaldelaimagen.com\/wp-content\/uploads\/2026\/04\/leonel-vasquez.png\" class=\"attachment-full size-full wp-image-988440\" alt=\"\" srcset=\"https:\/\/www.festivaldelaimagen.com\/wp-content\/uploads\/2026\/04\/leonel-vasquez.png 447w, https:\/\/www.festivaldelaimagen.com\/wp-content\/uploads\/2026\/04\/leonel-vasquez-250x300.png 250w\" sizes=\"(max-width: 447px) 100vw, 447px\" \/>\t\t\t\t\t\t\t\t<\/a>\n\t\t\t\t\t\t\t\t\t\t\t\t\t\t\t<\/div>\n\t\t\t\t<\/div>\n\t\t\t\t<div class=\"vamtam-has-theme-widget-styles elementor-element elementor-element-cd5d456 elementor-widget elementor-widget-heading\" data-id=\"cd5d456\" data-element_type=\"widget\" data-e-type=\"widget\" data-widget_type=\"heading.default\">\n\t\t\t\t<div class=\"elementor-widget-container\">\n\t\t\t\t\t<h2 class=\"elementor-heading-title elementor-size-default\">Leonel V\u00e1squez<\/h2>\t\t\t\t<\/div>\n\t\t\t\t<\/div>\n\t\t\t\t<div class=\"vamtam-has-theme-widget-styles elementor-element elementor-element-2d92d9e elementor-widget elementor-widget-heading\" data-id=\"2d92d9e\" data-element_type=\"widget\" data-e-type=\"widget\" data-widget_type=\"heading.default\">\n\t\t\t\t<div class=\"elementor-widget-container\">\n\t\t\t\t\t<h1 class=\"elementor-heading-title elementor-size-default\">- Sound researcher focused on listening, territory, and politics.<\/h1>\t\t\t\t<\/div>\n\t\t\t\t<\/div>\n\t\t\t\t<\/div>\n\t\t<div class=\"elementor-element elementor-element-aa976c9 e-con-full e-flex e-con e-child\" data-id=\"aa976c9\" data-element_type=\"container\" data-e-type=\"container\">\n\t\t\t\t<div class=\"elementor-element elementor-element-83a7340 elementor-widget elementor-widget-image\" data-id=\"83a7340\" data-element_type=\"widget\" data-e-type=\"widget\" data-widget_type=\"image.default\">\n\t\t\t\t<div class=\"elementor-widget-container\">\n\t\t\t\t\t\t\t\t\t\t\t\t\t\t\t\t<a href=\"https:\/\/www.festivaldelaimagen.com\/?page_id=988701\">\n\t\t\t\t\t\t\t<img loading=\"lazy\" decoding=\"async\" width=\"447\" height=\"536\" src=\"https:\/\/www.festivaldelaimagen.com\/wp-content\/uploads\/2026\/04\/marc-lee.png\" class=\"attachment-full size-full wp-image-988442\" alt=\"\" srcset=\"https:\/\/www.festivaldelaimagen.com\/wp-content\/uploads\/2026\/04\/marc-lee.png 447w, https:\/\/www.festivaldelaimagen.com\/wp-content\/uploads\/2026\/04\/marc-lee-250x300.png 250w\" sizes=\"(max-width: 447px) 100vw, 447px\" \/>\t\t\t\t\t\t\t\t<\/a>\n\t\t\t\t\t\t\t\t\t\t\t\t\t\t\t<\/div>\n\t\t\t\t<\/div>\n\t\t\t\t<div class=\"vamtam-has-theme-widget-styles elementor-element elementor-element-b7e3567 elementor-widget elementor-widget-heading\" data-id=\"b7e3567\" data-element_type=\"widget\" data-e-type=\"widget\" data-widget_type=\"heading.default\">\n\t\t\t\t<div class=\"elementor-widget-container\">\n\t\t\t\t\t<h2 class=\"elementor-heading-title elementor-size-default\">Marc Lee<\/h2>\t\t\t\t<\/div>\n\t\t\t\t<\/div>\n\t\t\t\t<div class=\"vamtam-has-theme-widget-styles elementor-element elementor-element-ae6208e elementor-widget elementor-widget-heading\" data-id=\"ae6208e\" data-element_type=\"widget\" data-e-type=\"widget\" data-widget_type=\"heading.default\">\n\t\t\t\t<div class=\"elementor-widget-container\">\n\t\t\t\t\t<h1 class=\"elementor-heading-title elementor-size-default\">- Swiss artist specialized in audiovisual installations, AR, VR, and mobile media.<\/h1>\t\t\t\t<\/div>\n\t\t\t\t<\/div>\n\t\t\t\t<\/div>\n\t\t<div class=\"elementor-element elementor-element-36bca58 e-con-full e-flex e-con e-child\" data-id=\"36bca58\" data-element_type=\"container\" data-e-type=\"container\">\n\t\t\t\t<div class=\"elementor-element elementor-element-bfe953d elementor-widget elementor-widget-image\" data-id=\"bfe953d\" data-element_type=\"widget\" data-e-type=\"widget\" data-widget_type=\"image.default\">\n\t\t\t\t<div class=\"elementor-widget-container\">\n\t\t\t\t\t\t\t\t\t\t\t\t\t\t\t\t<a href=\"https:\/\/www.festivaldelaimagen.com\/?page_id=988572\">\n\t\t\t\t\t\t\t<img loading=\"lazy\" decoding=\"async\" width=\"447\" height=\"536\" src=\"https:\/\/www.festivaldelaimagen.com\/wp-content\/uploads\/2026\/04\/paula-artes.png\" class=\"attachment-full size-full wp-image-988447\" alt=\"\" srcset=\"https:\/\/www.festivaldelaimagen.com\/wp-content\/uploads\/2026\/04\/paula-artes.png 447w, https:\/\/www.festivaldelaimagen.com\/wp-content\/uploads\/2026\/04\/paula-artes-250x300.png 250w\" sizes=\"(max-width: 447px) 100vw, 447px\" \/>\t\t\t\t\t\t\t\t<\/a>\n\t\t\t\t\t\t\t\t\t\t\t\t\t\t\t<\/div>\n\t\t\t\t<\/div>\n\t\t\t\t<div class=\"vamtam-has-theme-widget-styles elementor-element elementor-element-77cd792 elementor-widget elementor-widget-heading\" data-id=\"77cd792\" data-element_type=\"widget\" data-e-type=\"widget\" data-widget_type=\"heading.default\">\n\t\t\t\t<div class=\"elementor-widget-container\">\n\t\t\t\t\t<h2 class=\"elementor-heading-title elementor-size-default\">Paula Art\u00e9s<\/h2>\t\t\t\t<\/div>\n\t\t\t\t<\/div>\n\t\t\t\t<div class=\"vamtam-has-theme-widget-styles elementor-element elementor-element-5cf9352 elementor-widget elementor-widget-heading\" data-id=\"5cf9352\" data-element_type=\"widget\" data-e-type=\"widget\" data-widget_type=\"heading.default\">\n\t\t\t\t<div class=\"elementor-widget-container\">\n\t\t\t\t\t<h1 class=\"elementor-heading-title elementor-size-default\">- Artist and photographer focused on hidden spaces of power and control.<\/h1>\t\t\t\t<\/div>\n\t\t\t\t<\/div>\n\t\t\t\t<\/div>\n\t\t<div class=\"elementor-element elementor-element-a884c17 e-con-full e-flex e-con e-child\" data-id=\"a884c17\" data-element_type=\"container\" data-e-type=\"container\">\n\t\t\t\t<div class=\"elementor-element elementor-element-afe326b elementor-widget elementor-widget-image\" data-id=\"afe326b\" data-element_type=\"widget\" data-e-type=\"widget\" data-widget_type=\"image.default\">\n\t\t\t\t<div class=\"elementor-widget-container\">\n\t\t\t\t\t\t\t\t\t\t\t\t\t\t\t\t<a href=\"https:\/\/www.festivaldelaimagen.com\/?page_id=988841\">\n\t\t\t\t\t\t\t<img loading=\"lazy\" decoding=\"async\" width=\"447\" height=\"536\" src=\"https:\/\/www.festivaldelaimagen.com\/wp-content\/uploads\/2026\/04\/nuria-nia.png\" class=\"attachment-full size-full wp-image-988445\" alt=\"\" srcset=\"https:\/\/www.festivaldelaimagen.com\/wp-content\/uploads\/2026\/04\/nuria-nia.png 447w, https:\/\/www.festivaldelaimagen.com\/wp-content\/uploads\/2026\/04\/nuria-nia-250x300.png 250w\" sizes=\"(max-width: 447px) 100vw, 447px\" \/>\t\t\t\t\t\t\t\t<\/a>\n\t\t\t\t\t\t\t\t\t\t\t\t\t\t\t<\/div>\n\t\t\t\t<\/div>\n\t\t\t\t<div class=\"vamtam-has-theme-widget-styles elementor-element elementor-element-c900a97 elementor-widget elementor-widget-heading\" data-id=\"c900a97\" data-element_type=\"widget\" data-e-type=\"widget\" data-widget_type=\"heading.default\">\n\t\t\t\t<div class=\"elementor-widget-container\">\n\t\t\t\t\t<h2 class=\"elementor-heading-title elementor-size-default\">N\u00faria Nia<\/h2>\t\t\t\t<\/div>\n\t\t\t\t<\/div>\n\t\t\t\t<div class=\"vamtam-has-theme-widget-styles elementor-element elementor-element-2f176a2 elementor-widget elementor-widget-heading\" data-id=\"2f176a2\" data-element_type=\"widget\" data-e-type=\"widget\" data-widget_type=\"heading.default\">\n\t\t\t\t<div class=\"elementor-widget-container\">\n\t\t\t\t\t<h1 class=\"elementor-heading-title elementor-size-default\">- Audiovisual artist focused on video, installation, performance, and digital culture.<\/h1>\t\t\t\t<\/div>\n\t\t\t\t<\/div>\n\t\t\t\t<\/div>\n\t\t<div class=\"elementor-element elementor-element-9a306e5 e-con-full e-flex e-con e-child\" data-id=\"9a306e5\" data-element_type=\"container\" data-e-type=\"container\">\n\t\t\t\t<div class=\"elementor-element elementor-element-757bd40 elementor-widget elementor-widget-image\" data-id=\"757bd40\" data-element_type=\"widget\" data-e-type=\"widget\" data-widget_type=\"image.default\">\n\t\t\t\t<div class=\"elementor-widget-container\">\n\t\t\t\t\t\t\t\t\t\t\t\t\t\t\t\t<a href=\"https:\/\/www.festivaldelaimagen.com\/?page_id=988654\">\n\t\t\t\t\t\t\t<img loading=\"lazy\" decoding=\"async\" width=\"447\" height=\"536\" src=\"https:\/\/www.festivaldelaimagen.com\/wp-content\/uploads\/2026\/04\/giada-cichetti.png\" class=\"attachment-full size-full wp-image-988436\" alt=\"\" srcset=\"https:\/\/www.festivaldelaimagen.com\/wp-content\/uploads\/2026\/04\/giada-cichetti.png 447w, https:\/\/www.festivaldelaimagen.com\/wp-content\/uploads\/2026\/04\/giada-cichetti-250x300.png 250w\" sizes=\"(max-width: 447px) 100vw, 447px\" \/>\t\t\t\t\t\t\t\t<\/a>\n\t\t\t\t\t\t\t\t\t\t\t\t\t\t\t<\/div>\n\t\t\t\t<\/div>\n\t\t\t\t<div class=\"vamtam-has-theme-widget-styles elementor-element elementor-element-b9cb6e3 elementor-widget elementor-widget-heading\" data-id=\"b9cb6e3\" data-element_type=\"widget\" data-e-type=\"widget\" data-widget_type=\"heading.default\">\n\t\t\t\t<div class=\"elementor-widget-container\">\n\t\t\t\t\t<h2 class=\"elementor-heading-title elementor-size-default\">Giada Ciccheti<\/h2>\t\t\t\t<\/div>\n\t\t\t\t<\/div>\n\t\t\t\t<div class=\"vamtam-has-theme-widget-styles elementor-element elementor-element-d262951 elementor-widget elementor-widget-heading\" data-id=\"d262951\" data-element_type=\"widget\" data-e-type=\"widget\" data-widget_type=\"heading.default\">\n\t\t\t\t<div class=\"elementor-widget-container\">\n\t\t\t\t\t<h1 class=\"elementor-heading-title elementor-size-default\">- Italian visual artist working across film, photography, and experimental practices.<\/h1>\t\t\t\t<\/div>\n\t\t\t\t<\/div>\n\t\t\t\t<\/div>\n\t\t<div class=\"elementor-element elementor-element-f637555 e-con-full e-flex e-con e-child\" data-id=\"f637555\" data-element_type=\"container\" data-e-type=\"container\">\n\t\t\t\t<div class=\"elementor-element elementor-element-8c4c9ef elementor-widget elementor-widget-image\" data-id=\"8c4c9ef\" data-element_type=\"widget\" data-e-type=\"widget\" data-widget_type=\"image.default\">\n\t\t\t\t<div class=\"elementor-widget-container\">\n\t\t\t\t\t\t\t\t\t\t\t\t\t\t\t\t<a href=\"https:\/\/www.festivaldelaimagen.com\/?page_id=988652\">\n\t\t\t\t\t\t\t<img loading=\"lazy\" decoding=\"async\" width=\"447\" height=\"536\" src=\"https:\/\/www.festivaldelaimagen.com\/wp-content\/uploads\/2026\/04\/jorge-bandera.png\" class=\"attachment-full size-full wp-image-988437\" alt=\"\" srcset=\"https:\/\/www.festivaldelaimagen.com\/wp-content\/uploads\/2026\/04\/jorge-bandera.png 447w, https:\/\/www.festivaldelaimagen.com\/wp-content\/uploads\/2026\/04\/jorge-bandera-250x300.png 250w\" sizes=\"(max-width: 447px) 100vw, 447px\" \/>\t\t\t\t\t\t\t\t<\/a>\n\t\t\t\t\t\t\t\t\t\t\t\t\t\t\t<\/div>\n\t\t\t\t<\/div>\n\t\t\t\t<div class=\"vamtam-has-theme-widget-styles elementor-element elementor-element-fa0f674 elementor-widget elementor-widget-heading\" data-id=\"fa0f674\" data-element_type=\"widget\" data-e-type=\"widget\" data-widget_type=\"heading.default\">\n\t\t\t\t<div class=\"elementor-widget-container\">\n\t\t\t\t\t<h2 class=\"elementor-heading-title elementor-size-default\">Jorge Bandera<\/h2>\t\t\t\t<\/div>\n\t\t\t\t<\/div>\n\t\t\t\t<div class=\"vamtam-has-theme-widget-styles elementor-element elementor-element-7dc08de elementor-widget elementor-widget-heading\" data-id=\"7dc08de\" data-element_type=\"widget\" data-e-type=\"widget\" data-widget_type=\"heading.default\">\n\t\t\t\t<div class=\"elementor-widget-container\">\n\t\t\t\t\t<h1 class=\"elementor-heading-title elementor-size-default\">- Designer, artist, and researcher in co-creation, science, art, and technology.<\/h1>\t\t\t\t<\/div>\n\t\t\t\t<\/div>\n\t\t\t\t<\/div>\n\t\t<div class=\"elementor-element elementor-element-7bd5640 e-con-full e-flex e-con e-child\" data-id=\"7bd5640\" data-element_type=\"container\" data-e-type=\"container\">\n\t\t\t\t<div class=\"elementor-element elementor-element-e9391c3 elementor-widget elementor-widget-image\" data-id=\"e9391c3\" data-element_type=\"widget\" data-e-type=\"widget\" data-widget_type=\"image.default\">\n\t\t\t\t<div class=\"elementor-widget-container\">\n\t\t\t\t\t\t\t\t\t\t\t\t\t\t\t\t<a href=\"https:\/\/www.festivaldelaimagen.com\/?page_id=988729\">\n\t\t\t\t\t\t\t<img loading=\"lazy\" decoding=\"async\" width=\"447\" height=\"536\" src=\"https:\/\/www.festivaldelaimagen.com\/wp-content\/uploads\/2026\/04\/tom.png\" class=\"attachment-full size-full wp-image-988456\" alt=\"\" srcset=\"https:\/\/www.festivaldelaimagen.com\/wp-content\/uploads\/2026\/04\/tom.png 447w, https:\/\/www.festivaldelaimagen.com\/wp-content\/uploads\/2026\/04\/tom-250x300.png 250w\" sizes=\"(max-width: 447px) 100vw, 447px\" \/>\t\t\t\t\t\t\t\t<\/a>\n\t\t\t\t\t\t\t\t\t\t\t\t\t\t\t<\/div>\n\t\t\t\t<\/div>\n\t\t\t\t<div class=\"vamtam-has-theme-widget-styles elementor-element elementor-element-aa0b0b8 elementor-widget elementor-widget-heading\" data-id=\"aa0b0b8\" data-element_type=\"widget\" data-e-type=\"widget\" data-widget_type=\"heading.default\">\n\t\t\t\t<div class=\"elementor-widget-container\">\n\t\t\t\t\t<h2 class=\"elementor-heading-title elementor-size-default\">Thomas Couzinier<\/h2>\t\t\t\t<\/div>\n\t\t\t\t<\/div>\n\t\t\t\t<div class=\"vamtam-has-theme-widget-styles elementor-element elementor-element-879f370 elementor-widget elementor-widget-heading\" data-id=\"879f370\" data-element_type=\"widget\" data-e-type=\"widget\" data-widget_type=\"heading.default\">\n\t\t\t\t<div class=\"elementor-widget-container\">\n\t\t\t\t\t<h1 class=\"elementor-heading-title elementor-size-default\">- French composer and producer of orchestral, electronic, and hybrid music.<\/h1>\t\t\t\t<\/div>\n\t\t\t\t<\/div>\n\t\t\t\t<\/div>\n\t\t<div class=\"elementor-element elementor-element-35da46a e-con-full e-flex e-con e-child\" data-id=\"35da46a\" data-element_type=\"container\" data-e-type=\"container\">\n\t\t\t\t<div class=\"elementor-element elementor-element-0c873e3 elementor-widget elementor-widget-image\" data-id=\"0c873e3\" data-element_type=\"widget\" data-e-type=\"widget\" data-widget_type=\"image.default\">\n\t\t\t\t<div class=\"elementor-widget-container\">\n\t\t\t\t\t\t\t\t\t\t\t\t\t\t\t\t<a href=\"https:\/\/www.festivaldelaimagen.com\/?page_id=988719\">\n\t\t\t\t\t\t\t<img loading=\"lazy\" decoding=\"async\" width=\"447\" height=\"536\" src=\"https:\/\/www.festivaldelaimagen.com\/wp-content\/uploads\/2026\/04\/geraldinehonauer-florianweinrich.png\" class=\"attachment-full size-full wp-image-988434\" alt=\"\" srcset=\"https:\/\/www.festivaldelaimagen.com\/wp-content\/uploads\/2026\/04\/geraldinehonauer-florianweinrich.png 447w, https:\/\/www.festivaldelaimagen.com\/wp-content\/uploads\/2026\/04\/geraldinehonauer-florianweinrich-250x300.png 250w\" sizes=\"(max-width: 447px) 100vw, 447px\" \/>\t\t\t\t\t\t\t\t<\/a>\n\t\t\t\t\t\t\t\t\t\t\t\t\t\t\t<\/div>\n\t\t\t\t<\/div>\n\t\t\t\t<div class=\"vamtam-has-theme-widget-styles elementor-element elementor-element-e16a9ba elementor-widget elementor-widget-heading\" data-id=\"e16a9ba\" data-element_type=\"widget\" data-e-type=\"widget\" data-widget_type=\"heading.default\">\n\t\t\t\t<div class=\"elementor-widget-container\">\n\t\t\t\t\t<h2 class=\"elementor-heading-title elementor-size-default\">G\u00e9raldine Honauer<\/h2>\t\t\t\t<\/div>\n\t\t\t\t<\/div>\n\t\t\t\t<div class=\"vamtam-has-theme-widget-styles elementor-element elementor-element-1dcec97 elementor-widget elementor-widget-heading\" data-id=\"1dcec97\" data-element_type=\"widget\" data-e-type=\"widget\" data-widget_type=\"heading.default\">\n\t\t\t\t<div class=\"elementor-widget-container\">\n\t\t\t\t\t<h1 class=\"elementor-heading-title elementor-size-default\">- Conceptual and multidisciplinary artist focused on invisible systems and data.<\/h1>\t\t\t\t<\/div>\n\t\t\t\t<\/div>\n\t\t\t\t<\/div>\n\t\t<div class=\"elementor-element elementor-element-f938e85 e-con-full e-flex e-con e-child\" data-id=\"f938e85\" data-element_type=\"container\" data-e-type=\"container\">\n\t\t\t\t<div class=\"elementor-element elementor-element-cdeefe3 elementor-widget elementor-widget-image\" data-id=\"cdeefe3\" data-element_type=\"widget\" data-e-type=\"widget\" data-widget_type=\"image.default\">\n\t\t\t\t<div class=\"elementor-widget-container\">\n\t\t\t\t\t\t\t\t\t\t\t\t\t\t\t\t<a href=\"https:\/\/www.festivaldelaimagen.com\/?page_id=988811\">\n\t\t\t\t\t\t\t<img loading=\"lazy\" decoding=\"async\" width=\"447\" height=\"536\" src=\"https:\/\/www.festivaldelaimagen.com\/wp-content\/uploads\/2026\/04\/leo-castaneda.png\" class=\"attachment-full size-full wp-image-988439\" alt=\"\" srcset=\"https:\/\/www.festivaldelaimagen.com\/wp-content\/uploads\/2026\/04\/leo-castaneda.png 447w, https:\/\/www.festivaldelaimagen.com\/wp-content\/uploads\/2026\/04\/leo-castaneda-250x300.png 250w\" sizes=\"(max-width: 447px) 100vw, 447px\" \/>\t\t\t\t\t\t\t\t<\/a>\n\t\t\t\t\t\t\t\t\t\t\t\t\t\t\t<\/div>\n\t\t\t\t<\/div>\n\t\t\t\t<div class=\"vamtam-has-theme-widget-styles elementor-element elementor-element-85b9c95 elementor-widget elementor-widget-heading\" data-id=\"85b9c95\" data-element_type=\"widget\" data-e-type=\"widget\" data-widget_type=\"heading.default\">\n\t\t\t\t<div class=\"elementor-widget-container\">\n\t\t\t\t\t<h2 class=\"elementor-heading-title elementor-size-default\">Leo Casta\u00f1eda<\/h2>\t\t\t\t<\/div>\n\t\t\t\t<\/div>\n\t\t\t\t<div class=\"vamtam-has-theme-widget-styles elementor-element elementor-element-4bf4f8d elementor-widget elementor-widget-heading\" data-id=\"4bf4f8d\" data-element_type=\"widget\" data-e-type=\"widget\" data-widget_type=\"heading.default\">\n\t\t\t\t<div class=\"elementor-widget-container\">\n\t\t\t\t\t<h1 class=\"elementor-heading-title elementor-size-default\">- Artist and game designer focused on painting, VR, and transmedia worlds.<\/h1>\t\t\t\t<\/div>\n\t\t\t\t<\/div>\n\t\t\t\t<\/div>\n\t\t<div class=\"elementor-element elementor-element-610d6db e-con-full e-flex e-con e-child\" data-id=\"610d6db\" data-element_type=\"container\" data-e-type=\"container\">\n\t\t\t\t<div class=\"elementor-element elementor-element-6c17fbc elementor-widget elementor-widget-image\" data-id=\"6c17fbc\" data-element_type=\"widget\" data-e-type=\"widget\" data-widget_type=\"image.default\">\n\t\t\t\t<div class=\"elementor-widget-container\">\n\t\t\t\t\t\t\t\t\t\t\t\t\t\t\t\t<a href=\"https:\/\/www.festivaldelaimagen.com\/?page_id=988540\">\n\t\t\t\t\t\t\t<img loading=\"lazy\" decoding=\"async\" width=\"447\" height=\"536\" src=\"https:\/\/www.festivaldelaimagen.com\/wp-content\/uploads\/2026\/04\/alba-g-corral.png\" class=\"attachment-full size-full wp-image-988428\" alt=\"\" srcset=\"https:\/\/www.festivaldelaimagen.com\/wp-content\/uploads\/2026\/04\/alba-g-corral.png 447w, https:\/\/www.festivaldelaimagen.com\/wp-content\/uploads\/2026\/04\/alba-g-corral-250x300.png 250w\" sizes=\"(max-width: 447px) 100vw, 447px\" \/>\t\t\t\t\t\t\t\t<\/a>\n\t\t\t\t\t\t\t\t\t\t\t\t\t\t\t<\/div>\n\t\t\t\t<\/div>\n\t\t\t\t<div class=\"vamtam-has-theme-widget-styles elementor-element elementor-element-3437eba elementor-widget elementor-widget-heading\" data-id=\"3437eba\" data-element_type=\"widget\" data-e-type=\"widget\" data-widget_type=\"heading.default\">\n\t\t\t\t<div class=\"elementor-widget-container\">\n\t\t\t\t\t<h2 class=\"elementor-heading-title elementor-size-default\">Alba G. Corral<\/h2>\t\t\t\t<\/div>\n\t\t\t\t<\/div>\n\t\t\t\t<div class=\"vamtam-has-theme-widget-styles elementor-element elementor-element-9c86fe2 elementor-widget elementor-widget-heading\" data-id=\"9c86fe2\" data-element_type=\"widget\" data-e-type=\"widget\" data-widget_type=\"heading.default\">\n\t\t\t\t<div class=\"elementor-widget-container\">\n\t\t\t\t\t<h1 class=\"elementor-heading-title elementor-size-default\">- Visual artist, programmer, and educator specialized in generative art.<\/h1>\t\t\t\t<\/div>\n\t\t\t\t<\/div>\n\t\t\t\t<\/div>\n\t\t<div class=\"elementor-element elementor-element-60d6c41 e-con-full e-flex e-con e-child\" data-id=\"60d6c41\" data-element_type=\"container\" data-e-type=\"container\">\n\t\t\t\t<div class=\"elementor-element elementor-element-5d13b04 elementor-widget elementor-widget-image\" data-id=\"5d13b04\" data-element_type=\"widget\" data-e-type=\"widget\" data-widget_type=\"image.default\">\n\t\t\t\t<div class=\"elementor-widget-container\">\n\t\t\t\t\t\t\t\t\t\t\t\t\t\t\t\t<a href=\"https:\/\/www.festivaldelaimagen.com\/?page_id=988854\">\n\t\t\t\t\t\t\t<img loading=\"lazy\" decoding=\"async\" width=\"447\" height=\"536\" src=\"https:\/\/www.festivaldelaimagen.com\/wp-content\/uploads\/2026\/04\/soliman-lopez.png\" class=\"attachment-full size-full wp-image-988454\" alt=\"\" srcset=\"https:\/\/www.festivaldelaimagen.com\/wp-content\/uploads\/2026\/04\/soliman-lopez.png 447w, https:\/\/www.festivaldelaimagen.com\/wp-content\/uploads\/2026\/04\/soliman-lopez-250x300.png 250w\" sizes=\"(max-width: 447px) 100vw, 447px\" \/>\t\t\t\t\t\t\t\t<\/a>\n\t\t\t\t\t\t\t\t\t\t\t\t\t\t\t<\/div>\n\t\t\t\t<\/div>\n\t\t\t\t<div class=\"vamtam-has-theme-widget-styles elementor-element elementor-element-40acc78 elementor-widget elementor-widget-heading\" data-id=\"40acc78\" data-element_type=\"widget\" data-e-type=\"widget\" data-widget_type=\"heading.default\">\n\t\t\t\t<div class=\"elementor-widget-container\">\n\t\t\t\t\t<h2 class=\"elementor-heading-title elementor-size-default\">Solim\u00e1n L\u00f3pez<\/h2>\t\t\t\t<\/div>\n\t\t\t\t<\/div>\n\t\t\t\t<div class=\"vamtam-has-theme-widget-styles elementor-element elementor-element-f2ba52d elementor-widget elementor-widget-heading\" data-id=\"f2ba52d\" data-element_type=\"widget\" data-e-type=\"widget\" data-widget_type=\"heading.default\">\n\t\t\t\t<div class=\"elementor-widget-container\">\n\t\t\t\t\t<h1 class=\"elementor-heading-title elementor-size-default\">- Conceptual artist focused on art, science, technology, and ecological transition.<\/h1>\t\t\t\t<\/div>\n\t\t\t\t<\/div>\n\t\t\t\t<\/div>\n\t\t<div class=\"elementor-element elementor-element-417d8ce e-con-full e-flex e-con e-child\" data-id=\"417d8ce\" data-element_type=\"container\" data-e-type=\"container\">\n\t\t\t\t<div class=\"elementor-element elementor-element-a462eba elementor-widget elementor-widget-image\" data-id=\"a462eba\" data-element_type=\"widget\" data-e-type=\"widget\" data-widget_type=\"image.default\">\n\t\t\t\t<div class=\"elementor-widget-container\">\n\t\t\t\t\t\t\t\t\t\t\t\t\t\t\t\t<a href=\"https:\/\/www.festivaldelaimagen.com\/?page_id=988709\">\n\t\t\t\t\t\t\t<img loading=\"lazy\" decoding=\"async\" width=\"447\" height=\"536\" src=\"https:\/\/www.festivaldelaimagen.com\/wp-content\/uploads\/2026\/04\/ricardo-dal-farra.png\" class=\"attachment-full size-full wp-image-988450\" alt=\"\" srcset=\"https:\/\/www.festivaldelaimagen.com\/wp-content\/uploads\/2026\/04\/ricardo-dal-farra.png 447w, https:\/\/www.festivaldelaimagen.com\/wp-content\/uploads\/2026\/04\/ricardo-dal-farra-250x300.png 250w\" sizes=\"(max-width: 447px) 100vw, 447px\" \/>\t\t\t\t\t\t\t\t<\/a>\n\t\t\t\t\t\t\t\t\t\t\t\t\t\t\t<\/div>\n\t\t\t\t<\/div>\n\t\t\t\t<div class=\"vamtam-has-theme-widget-styles elementor-element elementor-element-76ba54a elementor-widget elementor-widget-heading\" data-id=\"76ba54a\" data-element_type=\"widget\" data-e-type=\"widget\" data-widget_type=\"heading.default\">\n\t\t\t\t<div class=\"elementor-widget-container\">\n\t\t\t\t\t<h2 class=\"elementor-heading-title elementor-size-default\">Ricardo Dal Farra<\/h2>\t\t\t\t<\/div>\n\t\t\t\t<\/div>\n\t\t\t\t<div class=\"vamtam-has-theme-widget-styles elementor-element elementor-element-85fa546 elementor-widget elementor-widget-heading\" data-id=\"85fa546\" data-element_type=\"widget\" data-e-type=\"widget\" data-widget_type=\"heading.default\">\n\t\t\t\t<div class=\"elementor-widget-container\">\n\t\t\t\t\t<h1 class=\"elementor-heading-title elementor-size-default\">- Professor and researcher in electronic arts, music, and technological experimentation.<\/h1>\t\t\t\t<\/div>\n\t\t\t\t<\/div>\n\t\t\t\t<\/div>\n\t\t<div class=\"elementor-element elementor-element-433dfd6 e-con-full e-flex e-con e-child\" data-id=\"433dfd6\" data-element_type=\"container\" data-e-type=\"container\">\n\t\t\t\t<div class=\"elementor-element elementor-element-2c34255 elementor-widget elementor-widget-image\" data-id=\"2c34255\" data-element_type=\"widget\" data-e-type=\"widget\" data-widget_type=\"image.default\">\n\t\t\t\t<div class=\"elementor-widget-container\">\n\t\t\t\t\t\t\t\t\t\t\t\t\t\t\t\t<a href=\"https:\/\/www.festivaldelaimagen.com\/?page_id=988751\">\n\t\t\t\t\t\t\t<img loading=\"lazy\" decoding=\"async\" width=\"447\" height=\"536\" src=\"https:\/\/www.festivaldelaimagen.com\/wp-content\/uploads\/2026\/04\/sharath.png\" class=\"attachment-full size-full wp-image-988453\" alt=\"\" srcset=\"https:\/\/www.festivaldelaimagen.com\/wp-content\/uploads\/2026\/04\/sharath.png 447w, https:\/\/www.festivaldelaimagen.com\/wp-content\/uploads\/2026\/04\/sharath-250x300.png 250w\" sizes=\"(max-width: 447px) 100vw, 447px\" \/>\t\t\t\t\t\t\t\t<\/a>\n\t\t\t\t\t\t\t\t\t\t\t\t\t\t\t<\/div>\n\t\t\t\t<\/div>\n\t\t\t\t<div class=\"vamtam-has-theme-widget-styles elementor-element elementor-element-63f5c4f elementor-widget elementor-widget-heading\" data-id=\"63f5c4f\" data-element_type=\"widget\" data-e-type=\"widget\" data-widget_type=\"heading.default\">\n\t\t\t\t<div class=\"elementor-widget-container\">\n\t\t\t\t\t<h2 class=\"elementor-heading-title elementor-size-default\">Sharath Chandra Ramakrishnan<\/h2>\t\t\t\t<\/div>\n\t\t\t\t<\/div>\n\t\t\t\t<div class=\"vamtam-has-theme-widget-styles elementor-element elementor-element-fc3cf64 elementor-widget elementor-widget-heading\" data-id=\"fc3cf64\" data-element_type=\"widget\" data-e-type=\"widget\" data-widget_type=\"heading.default\">\n\t\t\t\t<div class=\"elementor-widget-container\">\n\t\t\t\t\t<h1 class=\"elementor-heading-title elementor-size-default\">- Artist-researcher and educator working with sound, multimodal cognition, and emerging media.<\/h1>\t\t\t\t<\/div>\n\t\t\t\t<\/div>\n\t\t\t\t<\/div>\n\t\t<div class=\"elementor-element elementor-element-11813f0 e-con-full e-flex e-con e-child\" data-id=\"11813f0\" data-element_type=\"container\" data-e-type=\"container\">\n\t\t\t\t<div class=\"elementor-element elementor-element-d292f68 elementor-widget elementor-widget-image\" data-id=\"d292f68\" data-element_type=\"widget\" data-e-type=\"widget\" data-widget_type=\"image.default\">\n\t\t\t\t<div class=\"elementor-widget-container\">\n\t\t\t\t\t\t\t\t\t\t\t\t\t\t\t\t<a href=\"https:\/\/www.festivaldelaimagen.com\/?page_id=988621\">\n\t\t\t\t\t\t\t<img loading=\"lazy\" decoding=\"async\" width=\"447\" height=\"536\" src=\"https:\/\/www.festivaldelaimagen.com\/wp-content\/uploads\/2026\/04\/elder-manuel-tovar.png\" class=\"attachment-full size-full wp-image-988431\" alt=\"\" srcset=\"https:\/\/www.festivaldelaimagen.com\/wp-content\/uploads\/2026\/04\/elder-manuel-tovar.png 447w, https:\/\/www.festivaldelaimagen.com\/wp-content\/uploads\/2026\/04\/elder-manuel-tovar-250x300.png 250w\" sizes=\"(max-width: 447px) 100vw, 447px\" \/>\t\t\t\t\t\t\t\t<\/a>\n\t\t\t\t\t\t\t\t\t\t\t\t\t\t\t<\/div>\n\t\t\t\t<\/div>\n\t\t\t\t<div class=\"vamtam-has-theme-widget-styles elementor-element elementor-element-fbd9189 elementor-widget elementor-widget-heading\" data-id=\"fbd9189\" data-element_type=\"widget\" data-e-type=\"widget\" data-widget_type=\"heading.default\">\n\t\t\t\t<div class=\"elementor-widget-container\">\n\t\t\t\t\t<h2 class=\"elementor-heading-title elementor-size-default\">Elder Manuel Tobar <\/h2>\t\t\t\t<\/div>\n\t\t\t\t<\/div>\n\t\t\t\t<div class=\"vamtam-has-theme-widget-styles elementor-element elementor-element-3fedebf elementor-widget elementor-widget-heading\" data-id=\"3fedebf\" data-element_type=\"widget\" data-e-type=\"widget\" data-widget_type=\"heading.default\">\n\t\t\t\t<div class=\"elementor-widget-container\">\n\t\t\t\t\t<h1 class=\"elementor-heading-title elementor-size-default\">- Digital artist and creator of transmedia and multiplatform narratives.<\/h1>\t\t\t\t<\/div>\n\t\t\t\t<\/div>\n\t\t\t\t<\/div>\n\t\t<div class=\"elementor-element elementor-element-cb3e46f e-con-full e-flex e-con e-child\" data-id=\"cb3e46f\" data-element_type=\"container\" data-e-type=\"container\">\n\t\t\t\t<div class=\"elementor-element elementor-element-a48cbcd elementor-widget elementor-widget-image\" data-id=\"a48cbcd\" data-element_type=\"widget\" data-e-type=\"widget\" data-widget_type=\"image.default\">\n\t\t\t\t<div class=\"elementor-widget-container\">\n\t\t\t\t\t\t\t\t\t\t\t\t\t\t\t\t<a href=\"https:\/\/www.festivaldelaimagen.com\/?page_id=988686\">\n\t\t\t\t\t\t\t<img loading=\"lazy\" decoding=\"async\" width=\"447\" height=\"536\" src=\"https:\/\/www.festivaldelaimagen.com\/wp-content\/uploads\/2026\/04\/sebastian-marquez.png\" class=\"attachment-full size-full wp-image-988452\" alt=\"\" srcset=\"https:\/\/www.festivaldelaimagen.com\/wp-content\/uploads\/2026\/04\/sebastian-marquez.png 447w, https:\/\/www.festivaldelaimagen.com\/wp-content\/uploads\/2026\/04\/sebastian-marquez-250x300.png 250w\" sizes=\"(max-width: 447px) 100vw, 447px\" \/>\t\t\t\t\t\t\t\t<\/a>\n\t\t\t\t\t\t\t\t\t\t\t\t\t\t\t<\/div>\n\t\t\t\t<\/div>\n\t\t\t\t<div class=\"vamtam-has-theme-widget-styles elementor-element elementor-element-7ad49f4 elementor-widget elementor-widget-heading\" data-id=\"7ad49f4\" data-element_type=\"widget\" data-e-type=\"widget\" data-widget_type=\"heading.default\">\n\t\t\t\t<div class=\"elementor-widget-container\">\n\t\t\t\t\t<h2 class=\"elementor-heading-title elementor-size-default\">Sebasti\u00e1n M\u00e1rquez<\/h2>\t\t\t\t<\/div>\n\t\t\t\t<\/div>\n\t\t\t\t<div class=\"vamtam-has-theme-widget-styles elementor-element elementor-element-522376f elementor-widget elementor-widget-heading\" data-id=\"522376f\" data-element_type=\"widget\" data-e-type=\"widget\" data-widget_type=\"heading.default\">\n\t\t\t\t<div class=\"elementor-widget-container\">\n\t\t\t\t\t<h1 class=\"elementor-heading-title elementor-size-default\">- Artist-researcher focused on landscape, territory, and environmental transformation.<\/h1>\t\t\t\t<\/div>\n\t\t\t\t<\/div>\n\t\t\t\t<\/div>\n\t\t<div class=\"elementor-element elementor-element-6893691 e-con-full e-flex e-con e-child\" data-id=\"6893691\" data-element_type=\"container\" data-e-type=\"container\">\n\t\t\t\t<div class=\"elementor-element elementor-element-558ab87 elementor-widget elementor-widget-image\" data-id=\"558ab87\" data-element_type=\"widget\" data-e-type=\"widget\" data-widget_type=\"image.default\">\n\t\t\t\t<div class=\"elementor-widget-container\">\n\t\t\t\t\t\t\t\t\t\t\t\t\t\t\t\t<a href=\"https:\/\/www.festivaldelaimagen.com\/?page_id=988826\">\n\t\t\t\t\t\t\t<img loading=\"lazy\" decoding=\"async\" width=\"447\" height=\"536\" src=\"https:\/\/www.festivaldelaimagen.com\/wp-content\/uploads\/2026\/04\/lourdes-r-basoli.png\" class=\"attachment-full size-full wp-image-988441\" alt=\"\" srcset=\"https:\/\/www.festivaldelaimagen.com\/wp-content\/uploads\/2026\/04\/lourdes-r-basoli.png 447w, https:\/\/www.festivaldelaimagen.com\/wp-content\/uploads\/2026\/04\/lourdes-r-basoli-250x300.png 250w\" sizes=\"(max-width: 447px) 100vw, 447px\" \/>\t\t\t\t\t\t\t\t<\/a>\n\t\t\t\t\t\t\t\t\t\t\t\t\t\t\t<\/div>\n\t\t\t\t<\/div>\n\t\t\t\t<div class=\"vamtam-has-theme-widget-styles elementor-element elementor-element-570afed elementor-widget elementor-widget-heading\" data-id=\"570afed\" data-element_type=\"widget\" data-e-type=\"widget\" data-widget_type=\"heading.default\">\n\t\t\t\t<div class=\"elementor-widget-container\">\n\t\t\t\t\t<h2 class=\"elementor-heading-title elementor-size-default\">Lourdes R. Basol\u00ed<\/h2>\t\t\t\t<\/div>\n\t\t\t\t<\/div>\n\t\t\t\t<div class=\"vamtam-has-theme-widget-styles elementor-element elementor-element-6e768dc elementor-widget elementor-widget-heading\" data-id=\"6e768dc\" data-element_type=\"widget\" data-e-type=\"widget\" data-widget_type=\"heading.default\">\n\t\t\t\t<div class=\"elementor-widget-container\">\n\t\t\t\t\t<h1 class=\"elementor-heading-title elementor-size-default\">- Photographer and documentary artist focused on representation, gaze, and otherness.<\/h1>\t\t\t\t<\/div>\n\t\t\t\t<\/div>\n\t\t\t\t<\/div>\n\t\t<div class=\"elementor-element elementor-element-5e5529b e-con-full e-flex e-con e-child\" data-id=\"5e5529b\" data-element_type=\"container\" data-e-type=\"container\">\n\t\t\t\t<div class=\"elementor-element elementor-element-9b2aada elementor-widget elementor-widget-image\" data-id=\"9b2aada\" data-element_type=\"widget\" data-e-type=\"widget\" data-widget_type=\"image.default\">\n\t\t\t\t<div class=\"elementor-widget-container\">\n\t\t\t\t\t\t\t\t\t\t\t\t\t\t\t\t<a href=\"https:\/\/www.festivaldelaimagen.com\/?page_id=988641\">\n\t\t\t\t\t\t\t<img loading=\"lazy\" decoding=\"async\" width=\"447\" height=\"536\" src=\"https:\/\/www.festivaldelaimagen.com\/wp-content\/uploads\/2026\/04\/claudia-aravena.png\" class=\"attachment-full size-full wp-image-988430\" alt=\"\" srcset=\"https:\/\/www.festivaldelaimagen.com\/wp-content\/uploads\/2026\/04\/claudia-aravena.png 447w, https:\/\/www.festivaldelaimagen.com\/wp-content\/uploads\/2026\/04\/claudia-aravena-250x300.png 250w\" sizes=\"(max-width: 447px) 100vw, 447px\" \/>\t\t\t\t\t\t\t\t<\/a>\n\t\t\t\t\t\t\t\t\t\t\t\t\t\t\t<\/div>\n\t\t\t\t<\/div>\n\t\t\t\t<div class=\"vamtam-has-theme-widget-styles elementor-element elementor-element-78167d9 elementor-widget elementor-widget-heading\" data-id=\"78167d9\" data-element_type=\"widget\" data-e-type=\"widget\" data-widget_type=\"heading.default\">\n\t\t\t\t<div class=\"elementor-widget-container\">\n\t\t\t\t\t<h2 class=\"elementor-heading-title elementor-size-default\">Claudia Aravena<\/h2>\t\t\t\t<\/div>\n\t\t\t\t<\/div>\n\t\t\t\t<div class=\"vamtam-has-theme-widget-styles elementor-element elementor-element-ffdd69d elementor-widget elementor-widget-heading\" data-id=\"ffdd69d\" data-element_type=\"widget\" data-e-type=\"widget\" data-widget_type=\"heading.default\">\n\t\t\t\t<div class=\"elementor-widget-container\">\n\t\t\t\t\t<h1 class=\"elementor-heading-title elementor-size-default\">- Visual artist and scholar focused on video, installation, and cultural studies.<\/h1>\t\t\t\t<\/div>\n\t\t\t\t<\/div>\n\t\t\t\t<\/div>\n\t\t<div class=\"elementor-element elementor-element-9767cde e-con-full e-flex e-con e-child\" data-id=\"9767cde\" data-element_type=\"container\" data-e-type=\"container\">\n\t\t\t\t<div class=\"elementor-element elementor-element-29bd825 elementor-widget elementor-widget-image\" data-id=\"29bd825\" data-element_type=\"widget\" data-e-type=\"widget\" data-widget_type=\"image.default\">\n\t\t\t\t<div class=\"elementor-widget-container\">\n\t\t\t\t\t\t\t\t\t\t\t\t\t\t\t\t<a href=\"https:\/\/www.festivaldelaimagen.com\/?page_id=988588\">\n\t\t\t\t\t\t\t<img loading=\"lazy\" decoding=\"async\" width=\"447\" height=\"536\" src=\"https:\/\/www.festivaldelaimagen.com\/wp-content\/uploads\/2026\/04\/restrepo-quevedo.png\" class=\"attachment-full size-full wp-image-988449\" alt=\"\" srcset=\"https:\/\/www.festivaldelaimagen.com\/wp-content\/uploads\/2026\/04\/restrepo-quevedo.png 447w, https:\/\/www.festivaldelaimagen.com\/wp-content\/uploads\/2026\/04\/restrepo-quevedo-250x300.png 250w\" sizes=\"(max-width: 447px) 100vw, 447px\" \/>\t\t\t\t\t\t\t\t<\/a>\n\t\t\t\t\t\t\t\t\t\t\t\t\t\t\t<\/div>\n\t\t\t\t<\/div>\n\t\t\t\t<div class=\"vamtam-has-theme-widget-styles elementor-element elementor-element-9fbe361 elementor-widget elementor-widget-heading\" data-id=\"9fbe361\" data-element_type=\"widget\" data-e-type=\"widget\" data-widget_type=\"heading.default\">\n\t\t\t\t<div class=\"elementor-widget-container\">\n\t\t\t\t\t<h2 class=\"elementor-heading-title elementor-size-default\">D.A. Restrepo-Quevedo<\/h2>\t\t\t\t<\/div>\n\t\t\t\t<\/div>\n\t\t\t\t<div class=\"vamtam-has-theme-widget-styles elementor-element elementor-element-f6d1caf elementor-widget elementor-widget-heading\" data-id=\"f6d1caf\" data-element_type=\"widget\" data-e-type=\"widget\" data-widget_type=\"heading.default\">\n\t\t\t\t<div class=\"elementor-widget-container\">\n\t\t\t\t\t<h1 class=\"elementor-heading-title elementor-size-default\">- Designer, researcher, and academic director in art, design, and technology.<\/h1>\t\t\t\t<\/div>\n\t\t\t\t<\/div>\n\t\t\t\t<\/div>\n\t\t<div class=\"elementor-element elementor-element-571a760 e-con-full e-flex e-con e-child\" data-id=\"571a760\" data-element_type=\"container\" data-e-type=\"container\">\n\t\t\t\t<div class=\"elementor-element elementor-element-b5a728a elementor-widget elementor-widget-image\" data-id=\"b5a728a\" data-element_type=\"widget\" data-e-type=\"widget\" data-widget_type=\"image.default\">\n\t\t\t\t<div class=\"elementor-widget-container\">\n\t\t\t\t\t\t\t\t\t\t\t\t\t\t\t\t<a href=\"https:\/\/www.festivaldelaimagen.com\/?page_id=988691\">\n\t\t\t\t\t\t\t<img loading=\"lazy\" decoding=\"async\" width=\"447\" height=\"536\" src=\"https:\/\/www.festivaldelaimagen.com\/wp-content\/uploads\/2026\/04\/fernanda-lopez.png\" class=\"attachment-full size-full wp-image-988433\" alt=\"\" srcset=\"https:\/\/www.festivaldelaimagen.com\/wp-content\/uploads\/2026\/04\/fernanda-lopez.png 447w, https:\/\/www.festivaldelaimagen.com\/wp-content\/uploads\/2026\/04\/fernanda-lopez-250x300.png 250w\" sizes=\"(max-width: 447px) 100vw, 447px\" \/>\t\t\t\t\t\t\t\t<\/a>\n\t\t\t\t\t\t\t\t\t\t\t\t\t\t\t<\/div>\n\t\t\t\t<\/div>\n\t\t\t\t<div class=\"vamtam-has-theme-widget-styles elementor-element elementor-element-2de77a9 elementor-widget elementor-widget-heading\" data-id=\"2de77a9\" data-element_type=\"widget\" data-e-type=\"widget\" data-widget_type=\"heading.default\">\n\t\t\t\t<div class=\"elementor-widget-container\">\n\t\t\t\t\t<h2 class=\"elementor-heading-title elementor-size-default\">Fernanda L\u00f3pez<\/h2>\t\t\t\t<\/div>\n\t\t\t\t<\/div>\n\t\t\t\t<div class=\"vamtam-has-theme-widget-styles elementor-element elementor-element-9edce22 elementor-widget elementor-widget-heading\" data-id=\"9edce22\" data-element_type=\"widget\" data-e-type=\"widget\" data-widget_type=\"heading.default\">\n\t\t\t\t<div class=\"elementor-widget-container\">\n\t\t\t\t\t<h1 class=\"elementor-heading-title elementor-size-default\">- Chilean visual artist focused on culture, politics, nature, and living systems.<\/h1>\t\t\t\t<\/div>\n\t\t\t\t<\/div>\n\t\t\t\t<\/div>\n\t\t<div class=\"elementor-element elementor-element-c64fb74 e-con-full e-flex e-con e-child\" data-id=\"c64fb74\" data-element_type=\"container\" data-e-type=\"container\">\n\t\t\t\t<div class=\"elementor-element elementor-element-5098779 elementor-widget elementor-widget-image\" data-id=\"5098779\" data-element_type=\"widget\" data-e-type=\"widget\" data-widget_type=\"image.default\">\n\t\t\t\t<div class=\"elementor-widget-container\">\n\t\t\t\t\t\t\t\t\t\t\t\t\t\t\t\t<a href=\"https:\/\/www.festivaldelaimagen.com\/?page_id=988681\">\n\t\t\t\t\t\t\t<img loading=\"lazy\" decoding=\"async\" width=\"447\" height=\"536\" src=\"https:\/\/www.festivaldelaimagen.com\/wp-content\/uploads\/2026\/04\/sandra-suarez.png\" class=\"attachment-full size-full wp-image-988451\" alt=\"\" srcset=\"https:\/\/www.festivaldelaimagen.com\/wp-content\/uploads\/2026\/04\/sandra-suarez.png 447w, https:\/\/www.festivaldelaimagen.com\/wp-content\/uploads\/2026\/04\/sandra-suarez-250x300.png 250w\" sizes=\"(max-width: 447px) 100vw, 447px\" \/>\t\t\t\t\t\t\t\t<\/a>\n\t\t\t\t\t\t\t\t\t\t\t\t\t\t\t<\/div>\n\t\t\t\t<\/div>\n\t\t\t\t<div class=\"vamtam-has-theme-widget-styles elementor-element elementor-element-d758ee2 elementor-widget elementor-widget-heading\" data-id=\"d758ee2\" data-element_type=\"widget\" data-e-type=\"widget\" data-widget_type=\"heading.default\">\n\t\t\t\t<div class=\"elementor-widget-container\">\n\t\t\t\t\t<h2 class=\"elementor-heading-title elementor-size-default\">Sandra Liliana Suarez Quintero<\/h2>\t\t\t\t<\/div>\n\t\t\t\t<\/div>\n\t\t\t\t<div class=\"vamtam-has-theme-widget-styles elementor-element elementor-element-d5e6ee6 elementor-widget elementor-widget-heading\" data-id=\"d5e6ee6\" data-element_type=\"widget\" data-e-type=\"widget\" data-widget_type=\"heading.default\">\n\t\t\t\t<div class=\"elementor-widget-container\">\n\t\t\t\t\t<h1 class=\"elementor-heading-title elementor-size-default\">- Graphic designer, photographer, and researcher in image, archives, and memory.<\/h1>\t\t\t\t<\/div>\n\t\t\t\t<\/div>\n\t\t\t\t<\/div>\n\t\t\t\t<\/div>\n\t\t\t\t<div class=\"elementor-element elementor-element-4428544 elementor-widget elementor-widget-spacer\" data-id=\"4428544\" data-element_type=\"widget\" data-e-type=\"widget\" data-widget_type=\"spacer.default\">\n\t\t\t\t<div class=\"elementor-widget-container\">\n\t\t\t\t\t\t\t<div class=\"elementor-spacer\">\n\t\t\t<div class=\"elementor-spacer-inner\"><\/div>\n\t\t<\/div>\n\t\t\t\t\t\t<\/div>\n\t\t\t\t<\/div>\n\t\t\t\t\t<\/div>\n\t\t\t\t<\/div>\n\t\t\t\t<\/div>\n\t\t","protected":false},"excerpt":{"rendered":"<p>EXHIBITIONS Schedule NO PROGRAM SCHEDULE AVAILABLE Artists M\u00f3nica Riki\u0107 Fust\u00e9 &#8211; Electronic artist focused on technology, philosophy, and critical art. Carlos Serrano &#8211; Colombian media designer and artist based in Berlin. Toby Heys &#8211; Professor and researcher in digital media, extended reality, and sound arts. Erik Estany Tigerstr\u00f6m &#8211; Photographer, artist, and educator specialized in&#8230;<\/p>\n","protected":false},"author":1,"featured_media":0,"parent":0,"menu_order":0,"comment_status":"closed","ping_status":"closed","template":"","meta":{"footnotes":""},"class_list":["post-989677","page","type-page","status-publish","hentry"],"_links":{"self":[{"href":"https:\/\/www.festivaldelaimagen.com\/index.php?rest_route=\/wp\/v2\/pages\/989677","targetHints":{"allow":["GET"]}}],"collection":[{"href":"https:\/\/www.festivaldelaimagen.com\/index.php?rest_route=\/wp\/v2\/pages"}],"about":[{"href":"https:\/\/www.festivaldelaimagen.com\/index.php?rest_route=\/wp\/v2\/types\/page"}],"author":[{"embeddable":true,"href":"https:\/\/www.festivaldelaimagen.com\/index.php?rest_route=\/wp\/v2\/users\/1"}],"replies":[{"embeddable":true,"href":"https:\/\/www.festivaldelaimagen.com\/index.php?rest_route=%2Fwp%2Fv2%2Fcomments&post=989677"}],"version-history":[{"count":13,"href":"https:\/\/www.festivaldelaimagen.com\/index.php?rest_route=\/wp\/v2\/pages\/989677\/revisions"}],"predecessor-version":[{"id":989700,"href":"https:\/\/www.festivaldelaimagen.com\/index.php?rest_route=\/wp\/v2\/pages\/989677\/revisions\/989700"}],"wp:attachment":[{"href":"https:\/\/www.festivaldelaimagen.com\/index.php?rest_route=%2Fwp%2Fv2%2Fmedia&parent=989677"}],"curies":[{"name":"wp","href":"https:\/\/api.w.org\/{rel}","templated":true}]}}