{"id":989653,"date":"2026-04-27T19:55:08","date_gmt":"2026-04-28T00:55:08","guid":{"rendered":"https:\/\/www.festivaldelaimagen.com\/?page_id=989653"},"modified":"2026-04-27T20:15:42","modified_gmt":"2026-04-28T01:15:42","slug":"foro-academico-ingles","status":"publish","type":"page","link":"https:\/\/www.festivaldelaimagen.com\/?page_id=989653&lang=en","title":{"rendered":"Foro Academico &#8211; Ingles"},"content":{"rendered":"\t\t<div data-elementor-type=\"wp-page\" data-elementor-id=\"989653\" class=\"elementor elementor-989653\" data-elementor-post-type=\"page\">\n\t\t\t\t<div class=\"elementor-element elementor-element-2afff93 e-con-full e-flex e-con e-parent\" data-id=\"2afff93\" data-element_type=\"container\" data-e-type=\"container\">\n\t\t\t\t<div class=\"vamtam-has-theme-widget-styles elementor-element elementor-element-d7d3d17 elementor-widget__width-initial elementor-widget elementor-widget-heading\" data-id=\"d7d3d17\" data-element_type=\"widget\" data-e-type=\"widget\" data-widget_type=\"heading.default\">\n\t\t\t\t<div class=\"elementor-widget-container\">\n\t\t\t\t\t<h2 class=\"elementor-heading-title elementor-size-default\"><strong>X<\/strong>XI<strong>I<\/strong> <strong>In<\/strong>ter<strong>nat<\/strong>ional <strong>A<\/strong>ca<strong>dem<\/strong>ic <strong>Fo<\/strong>rum on <strong>De<\/strong>sign and <strong>Cr<\/strong>eati<strong>on<\/strong><\/h2>\t\t\t\t<\/div>\n\t\t\t\t<\/div>\n\t\t<div class=\"elementor-element elementor-element-c13b3cb e-con-full e-flex e-con e-child\" data-id=\"c13b3cb\" data-element_type=\"container\" data-e-type=\"container\">\n\t\t\t\t<\/div>\n\t\t\t\t<\/div>\n\t\t<div class=\"elementor-element elementor-element-70db2ae e-flex e-con-boxed e-con e-parent\" data-id=\"70db2ae\" data-element_type=\"container\" data-e-type=\"container\">\n\t\t\t\t\t<div class=\"e-con-inner\">\n\t\t<div class=\"elementor-element elementor-element-ec245f3 e-con-full e-flex e-con e-child\" data-id=\"ec245f3\" data-element_type=\"container\" data-e-type=\"container\">\n\t\t\t\t<div class=\"elementor-element elementor-element-66db5fd elementor-widget elementor-widget-text-editor\" data-id=\"66db5fd\" data-element_type=\"widget\" data-e-type=\"widget\" data-widget_type=\"text-editor.default\">\n\t\t\t\t<div class=\"elementor-widget-container\">\n\t\t\t\t\t\t\t\t\t<p>A space for reflection and dialogue around design and creation, forming part of the International Image Festival. The forum brings together academic and creative voices to share experiences, research, and contemporary perspectives.<\/p>\t\t\t\t\t\t\t\t<\/div>\n\t\t\t\t<\/div>\n\t\t\t\t<\/div>\n\t\t<div class=\"elementor-element elementor-element-88b9e01 e-con-full e-flex e-con e-child\" data-id=\"88b9e01\" data-element_type=\"container\" data-e-type=\"container\">\n\t\t\t\t<div class=\"elementor-element elementor-element-b8cf8eb elementor-widget elementor-widget-image\" data-id=\"b8cf8eb\" data-element_type=\"widget\" data-e-type=\"widget\" data-widget_type=\"image.default\">\n\t\t\t\t<div class=\"elementor-widget-container\">\n\t\t\t\t\t\t\t\t\t\t\t\t\t\t\t<img fetchpriority=\"high\" decoding=\"async\" width=\"1336\" height=\"750\" src=\"https:\/\/www.festivaldelaimagen.com\/wp-content\/uploads\/2026\/02\/fondo_imagen_1.png\" class=\"attachment-2048x2048 size-2048x2048 wp-image-988017\" alt=\"Fondo\" srcset=\"https:\/\/www.festivaldelaimagen.com\/wp-content\/uploads\/2026\/02\/fondo_imagen_1.png 1336w, https:\/\/www.festivaldelaimagen.com\/wp-content\/uploads\/2026\/02\/fondo_imagen_1-300x168.png 300w, https:\/\/www.festivaldelaimagen.com\/wp-content\/uploads\/2026\/02\/fondo_imagen_1-1024x575.png 1024w, https:\/\/www.festivaldelaimagen.com\/wp-content\/uploads\/2026\/02\/fondo_imagen_1-768x431.png 768w\" sizes=\"(max-width: 1336px) 100vw, 1336px\" \/>\t\t\t\t\t\t\t\t\t\t\t\t\t\t\t<\/div>\n\t\t\t\t<\/div>\n\t\t\t\t<\/div>\n\t\t\t\t\t<\/div>\n\t\t\t\t<\/div>\n\t\t<div class=\"elementor-element elementor-element-e716872 e-flex e-con-boxed e-con e-parent\" data-id=\"e716872\" data-element_type=\"container\" data-e-type=\"container\" data-settings=\"{&quot;background_background&quot;:&quot;classic&quot;}\">\n\t\t\t\t\t<div class=\"e-con-inner\">\n\t\t<div class=\"elementor-element elementor-element-9fa62dd e-con-full e-flex e-con e-child\" data-id=\"9fa62dd\" data-element_type=\"container\" data-e-type=\"container\">\n\t\t\t\t<div class=\"vamtam-has-theme-widget-styles elementor-element elementor-element-1dd86ab elementor-widget elementor-widget-heading\" data-id=\"1dd86ab\" data-element_type=\"widget\" data-e-type=\"widget\" data-widget_type=\"heading.default\">\n\t\t\t\t<div class=\"elementor-widget-container\">\n\t\t\t\t\t<h6 class=\"elementor-heading-title elementor-size-default\">Schedule<\/h6>\t\t\t\t<\/div>\n\t\t\t\t<\/div>\n\t\t\t\t<\/div>\n\t\t<div class=\"elementor-element elementor-element-4908455 e-con-full e-flex e-con e-child\" data-id=\"4908455\" data-element_type=\"container\" data-e-type=\"container\">\n\t\t\t\t<div class=\"elementor-element elementor-element-7851e30 elementor-widget elementor-widget-text-editor\" data-id=\"7851e30\" data-element_type=\"widget\" data-e-type=\"widget\" data-settings=\"{&quot;motion_fx_motion_fx_scrolling&quot;:&quot;yes&quot;,&quot;motion_fx_opacity_effect&quot;:&quot;yes&quot;,&quot;motion_fx_opacity_range&quot;:{&quot;unit&quot;:&quot;%&quot;,&quot;size&quot;:&quot;&quot;,&quot;sizes&quot;:{&quot;start&quot;:14,&quot;end&quot;:40}},&quot;motion_fx_devices&quot;:[&quot;desktop&quot;],&quot;motion_fx_opacity_direction&quot;:&quot;out-in&quot;,&quot;motion_fx_opacity_level&quot;:{&quot;unit&quot;:&quot;px&quot;,&quot;size&quot;:10,&quot;sizes&quot;:[]}}\" data-widget_type=\"text-editor.default\">\n\t\t\t\t<div class=\"elementor-widget-container\">\n\t\t\t\t\t\t\t\t\t<h1><span style=\"color: #deff52;\"><strong>NO PROGRAM SCHEDULE AVAILABLE<\/strong><\/span><\/h1>\t\t\t\t\t\t\t\t<\/div>\n\t\t\t\t<\/div>\n\t\t\t\t<\/div>\n\t\t\t\t\t<\/div>\n\t\t\t\t<\/div>\n\t\t<div class=\"elementor-element elementor-element-0f2db17 e-flex e-con-boxed e-con e-parent\" data-id=\"0f2db17\" data-element_type=\"container\" data-e-type=\"container\">\n\t\t\t\t\t<div class=\"e-con-inner\">\n\t\t<div class=\"elementor-element elementor-element-cd5de3f e-con-full e-flex e-con e-child\" data-id=\"cd5de3f\" data-element_type=\"container\" data-e-type=\"container\">\n\t\t\t\t<div class=\"vamtam-has-theme-widget-styles elementor-element elementor-element-912c822 elementor-widget elementor-widget-heading\" data-id=\"912c822\" data-element_type=\"widget\" data-e-type=\"widget\" data-widget_type=\"heading.default\">\n\t\t\t\t<div class=\"elementor-widget-container\">\n\t\t\t\t\t<h6 class=\"elementor-heading-title elementor-size-default\">Thematic Lines<\/h6>\t\t\t\t<\/div>\n\t\t\t\t<\/div>\n\t\t\t\t<\/div>\n\t\t<div class=\"elementor-element elementor-element-3b9236c e-con-full e-flex e-con e-child\" data-id=\"3b9236c\" data-element_type=\"container\" data-e-type=\"container\">\n\t\t\t\t<div class=\"elementor-element elementor-element-b1c473e elementor-widget elementor-widget-text-editor\" data-id=\"b1c473e\" data-element_type=\"widget\" data-e-type=\"widget\" data-settings=\"{&quot;motion_fx_motion_fx_scrolling&quot;:&quot;yes&quot;,&quot;motion_fx_opacity_effect&quot;:&quot;yes&quot;,&quot;motion_fx_opacity_range&quot;:{&quot;unit&quot;:&quot;%&quot;,&quot;size&quot;:&quot;&quot;,&quot;sizes&quot;:{&quot;start&quot;:14,&quot;end&quot;:40}},&quot;motion_fx_devices&quot;:[&quot;desktop&quot;],&quot;motion_fx_opacity_direction&quot;:&quot;out-in&quot;,&quot;motion_fx_opacity_level&quot;:{&quot;unit&quot;:&quot;px&quot;,&quot;size&quot;:10,&quot;sizes&quot;:[]}}\" data-widget_type=\"text-editor.default\">\n\t\t\t\t<div class=\"elementor-widget-container\">\n\t\t\t\t\t\t\t\t\t<p data-start=\"534\" data-end=\"691\">This year, the International Conference on the History of Media Art will be held in association with the International Image Festival in Manizales, Colombia.<\/p><ul><li data-start=\"693\" data-end=\"894\">International Conference on the History of Media Art: May 5 to 9, Manizales<\/li><li data-start=\"693\" data-end=\"894\">International Image Festival<\/li><li data-start=\"693\" data-end=\"894\">(FII): May 2 to 9, 2025<\/li><li data-start=\"693\" data-end=\"894\">(FII) Bogot\u00e1: May 2 to 4, 2025<\/li><li data-start=\"693\" data-end=\"894\">(FII) Manizales: May 5 to 9, 2025<\/li><\/ul><p data-start=\"896\" data-end=\"1174\">The conference held its first edition in 2005 and has since gained significant recognition in several locations around the world: Banff 2005, Berlin 2007, Melbourne 2009, Liverpool 2011, Riga 2013, Montreal 2015, Krems\/Vienna 2017, Aalborg 2019, S\u00e3o Paulo 2022, and Venice 2023.<\/p><p data-start=\"1176\" data-end=\"1394\" data-is-last-node=\"\" data-is-only-node=\"\">Recognizing the growing importance of art and technology, the aim is to engage the academic community from diverse disciplines in discussing the history of Media Art within interdisciplinary and intercultural contexts.<\/p>\t\t\t\t\t\t\t\t<\/div>\n\t\t\t\t<\/div>\n\t\t\t\t<\/div>\n\t\t\t\t\t<\/div>\n\t\t\t\t<\/div>\n\t\t<div class=\"elementor-element elementor-element-d7b4c11 e-flex e-con-boxed e-con e-parent\" data-id=\"d7b4c11\" data-element_type=\"container\" data-e-type=\"container\">\n\t\t\t\t\t<div class=\"e-con-inner\">\n\t\t\t\t<div class=\"elementor-element elementor-element-704955c elementor-widget__width-inherit e-n-tabs-mobile elementor-widget elementor-widget-n-tabs\" data-id=\"704955c\" data-element_type=\"widget\" data-e-type=\"widget\" data-widget_type=\"nested-tabs.default\">\n\t\t\t\t<div class=\"elementor-widget-container\">\n\t\t\t\t\t\t\t<div class=\"e-n-tabs\" data-widget-number=\"117740892\" aria-label=\"Tabs. Open items with Enter or Space, close with Escape and navigate using the Arrow keys.\">\n\t\t\t<div class=\"e-n-tabs-heading\" role=\"tablist\">\n\t\t\t\t\t<button id=\"e-n-tab-title-1177408921\" data-tab-title-id=\"e-n-tab-title-1177408921\" class=\"e-n-tab-title\" aria-selected=\"true\" data-tab-index=\"1\" role=\"tab\" tabindex=\"0\" aria-controls=\"e-n-tab-content-1177408921\" style=\"--n-tabs-title-order: 1;\">\n\t\t\t\t\t<span class=\"e-n-tab-icon\">\n\t\t\t<i aria-hidden=\"true\" class=\"vamtamtheme- vamtam-theme-arrow-right-top\"><\/i>\t\t\t<i aria-hidden=\"true\" class=\"vamtamtheme- vamtam-theme-arrow-right-top\"><\/i>\t\t<\/span>\n\t\t\t\t\t<span class=\"e-n-tab-title-text\">\n\t\t\t\t1. Co-Creation and Co-Design: Individuals, Groups, and Communities\t\t\t<\/span>\n\t\t<\/button>\n\t\t\t\t<button id=\"e-n-tab-title-1177408922\" data-tab-title-id=\"e-n-tab-title-1177408922\" class=\"e-n-tab-title\" aria-selected=\"false\" data-tab-index=\"2\" role=\"tab\" tabindex=\"-1\" aria-controls=\"e-n-tab-content-1177408922\" style=\"--n-tabs-title-order: 2;\">\n\t\t\t\t\t<span class=\"e-n-tab-icon\">\n\t\t\t<i aria-hidden=\"true\" class=\"vamtamtheme- vamtam-theme-arrow-right-top\"><\/i>\t\t\t<i aria-hidden=\"true\" class=\"vamtamtheme- vamtam-theme-arrow-right-top\"><\/i>\t\t<\/span>\n\t\t\t\t\t<span class=\"e-n-tab-title-text\">\n\t\t\t\t2. Circular Dynamics, Economies, and Autonomous Practices\t\t\t<\/span>\n\t\t<\/button>\n\t\t\t\t<button id=\"e-n-tab-title-1177408923\" data-tab-title-id=\"e-n-tab-title-1177408923\" class=\"e-n-tab-title\" aria-selected=\"false\" data-tab-index=\"3\" role=\"tab\" tabindex=\"-1\" aria-controls=\"e-n-tab-content-1177408923\" style=\"--n-tabs-title-order: 3;\">\n\t\t\t\t\t<span class=\"e-n-tab-icon\">\n\t\t\t<i aria-hidden=\"true\" class=\"vamtamtheme- vamtam-theme-arrow-right-top\"><\/i>\t\t\t<i aria-hidden=\"true\" class=\"vamtamtheme- vamtam-theme-arrow-right-top\"><\/i>\t\t<\/span>\n\t\t\t\t\t<span class=\"e-n-tab-title-text\">\n\t\t\t\t3. Open Knowledge Through Art and Science, Shared Democratically\t\t\t<\/span>\n\t\t<\/button>\n\t\t\t\t<button id=\"e-n-tab-title-1177408924\" data-tab-title-id=\"e-n-tab-title-1177408924\" class=\"e-n-tab-title\" aria-selected=\"false\" data-tab-index=\"4\" role=\"tab\" tabindex=\"-1\" aria-controls=\"e-n-tab-content-1177408924\" style=\"--n-tabs-title-order: 4;\">\n\t\t\t\t\t<span class=\"e-n-tab-icon\">\n\t\t\t<i aria-hidden=\"true\" class=\"vamtamtheme- vamtam-theme-arrow-right-top\"><\/i>\t\t\t<i aria-hidden=\"true\" class=\"vamtamtheme- vamtam-theme-arrow-right-top\"><\/i>\t\t<\/span>\n\t\t\t\t\t<span class=\"e-n-tab-title-text\">\n\t\t\t\t4. Innovation Grounded in Ancestral Memory and Its Contemporary Relevance\t\t\t<\/span>\n\t\t<\/button>\n\t\t\t\t<button id=\"e-n-tab-title-1177408925\" data-tab-title-id=\"e-n-tab-title-1177408925\" class=\"e-n-tab-title\" aria-selected=\"false\" data-tab-index=\"5\" role=\"tab\" tabindex=\"-1\" aria-controls=\"e-n-tab-content-1177408925\" style=\"--n-tabs-title-order: 5;\">\n\t\t\t\t\t<span class=\"e-n-tab-icon\">\n\t\t\t<i aria-hidden=\"true\" class=\"vamtamtheme- vamtam-theme-arrow-right-top\"><\/i>\t\t\t<i aria-hidden=\"true\" class=\"vamtamtheme- vamtam-theme-arrow-right-top\"><\/i>\t\t<\/span>\n\t\t\t\t\t<span class=\"e-n-tab-title-text\">\n\t\t\t\t5. Future Memories: Documentation, Conservation, and New Tools for Research and Archiving\t\t\t<\/span>\n\t\t<\/button>\n\t\t\t\t<button id=\"e-n-tab-title-1177408926\" data-tab-title-id=\"e-n-tab-title-1177408926\" class=\"e-n-tab-title\" aria-selected=\"false\" data-tab-index=\"6\" role=\"tab\" tabindex=\"-1\" aria-controls=\"e-n-tab-content-1177408926\" style=\"--n-tabs-title-order: 6;\">\n\t\t\t\t\t<span class=\"e-n-tab-icon\">\n\t\t\t<i aria-hidden=\"true\" class=\"vamtamtheme- vamtam-theme-arrow-right-top\"><\/i>\t\t\t<i aria-hidden=\"true\" class=\"vamtamtheme- vamtam-theme-arrow-right-top\"><\/i>\t\t<\/span>\n\t\t\t\t\t<span class=\"e-n-tab-title-text\">\n\t\t\t\t6. Pioneers of Media Art\t\t\t<\/span>\n\t\t<\/button>\n\t\t\t\t\t<\/div>\n\t\t\t<div class=\"e-n-tabs-content\">\n\t\t\t\t<div id=\"e-n-tab-content-1177408921\" role=\"tabpanel\" aria-labelledby=\"e-n-tab-title-1177408921\" data-tab-index=\"1\" style=\"--n-tabs-title-order: 1;\" class=\"e-active elementor-element elementor-element-fd65ddb e-flex e-con-boxed e-con e-child\" data-id=\"fd65ddb\" data-element_type=\"container\" data-e-type=\"container\" data-settings=\"{&quot;background_background&quot;:&quot;classic&quot;}\">\n\t\t\t\t\t<div class=\"e-con-inner\">\n\t\t<div class=\"elementor-element elementor-element-6cef743 e-con-full e-flex e-con e-child\" data-id=\"6cef743\" data-element_type=\"container\" data-e-type=\"container\">\n\t\t\t\t<div class=\"elementor-element elementor-element-ec01b25 elementor-widget elementor-widget-spacer\" data-id=\"ec01b25\" data-element_type=\"widget\" data-e-type=\"widget\" data-widget_type=\"spacer.default\">\n\t\t\t\t<div class=\"elementor-widget-container\">\n\t\t\t\t\t\t\t<div class=\"elementor-spacer\">\n\t\t\t<div class=\"elementor-spacer-inner\"><\/div>\n\t\t<\/div>\n\t\t\t\t\t\t<\/div>\n\t\t\t\t<\/div>\n\t\t\t\t<div class=\"vamtam-has-theme-widget-styles elementor-element elementor-element-82cfe77 elementor-widget__width-initial elementor-widget elementor-widget-heading\" data-id=\"82cfe77\" data-element_type=\"widget\" data-e-type=\"widget\" data-widget_type=\"heading.default\">\n\t\t\t\t<div class=\"elementor-widget-container\">\n\t\t\t\t\t<h2 class=\"elementor-heading-title elementor-size-default\">Co-Creation and Co-Design: Individuals, <br>Groups, and Communities<\/h2>\t\t\t\t<\/div>\n\t\t\t\t<\/div>\n\t\t\t\t<\/div>\n\t\t<div class=\"elementor-element elementor-element-41e2ceb e-con-full e-flex e-con e-child\" data-id=\"41e2ceb\" data-element_type=\"container\" data-e-type=\"container\">\n\t\t\t\t<div class=\"elementor-element elementor-element-92b8186 elementor-widget elementor-widget-text-editor\" data-id=\"92b8186\" data-element_type=\"widget\" data-e-type=\"widget\" data-widget_type=\"text-editor.default\">\n\t\t\t\t<div class=\"elementor-widget-container\">\n\t\t\t\t\t\t\t\t\t<p>This theme explores how interactions among individuals, groups, and communities can strengthen collective creation and collaborative design. It focuses on participatory methodologies that promote inclusion, diversity, and innovation from interdisciplinary perspectives, empowering participants as active agents in addressing social, environmental, and cultural challenges.<\/p>\t\t\t\t\t\t\t\t<\/div>\n\t\t\t\t<\/div>\n\t\t\t\t<div class=\"elementor-element elementor-element-0601d94 elementor-widget elementor-widget-spacer\" data-id=\"0601d94\" data-element_type=\"widget\" data-e-type=\"widget\" data-widget_type=\"spacer.default\">\n\t\t\t\t<div class=\"elementor-widget-container\">\n\t\t\t\t\t\t\t<div class=\"elementor-spacer\">\n\t\t\t<div class=\"elementor-spacer-inner\"><\/div>\n\t\t<\/div>\n\t\t\t\t\t\t<\/div>\n\t\t\t\t<\/div>\n\t\t\t\t<\/div>\n\t\t\t\t\t<\/div>\n\t\t\t\t<\/div>\n\t\t<div id=\"e-n-tab-content-1177408922\" role=\"tabpanel\" aria-labelledby=\"e-n-tab-title-1177408922\" data-tab-index=\"2\" style=\"--n-tabs-title-order: 2;\" class=\" elementor-element elementor-element-233f48a e-flex e-con-boxed e-con e-child\" data-id=\"233f48a\" data-element_type=\"container\" data-e-type=\"container\" data-settings=\"{&quot;background_background&quot;:&quot;classic&quot;}\">\n\t\t\t\t\t<div class=\"e-con-inner\">\n\t\t<div class=\"elementor-element elementor-element-52cd6da e-con-full e-flex e-con e-child\" data-id=\"52cd6da\" data-element_type=\"container\" data-e-type=\"container\">\n\t\t\t\t<div class=\"elementor-element elementor-element-c3abfb1 elementor-widget elementor-widget-spacer\" data-id=\"c3abfb1\" data-element_type=\"widget\" data-e-type=\"widget\" data-widget_type=\"spacer.default\">\n\t\t\t\t<div class=\"elementor-widget-container\">\n\t\t\t\t\t\t\t<div class=\"elementor-spacer\">\n\t\t\t<div class=\"elementor-spacer-inner\"><\/div>\n\t\t<\/div>\n\t\t\t\t\t\t<\/div>\n\t\t\t\t<\/div>\n\t\t\t\t<div class=\"vamtam-has-theme-widget-styles elementor-element elementor-element-13ddfcb elementor-widget__width-initial elementor-widget elementor-widget-heading\" data-id=\"13ddfcb\" data-element_type=\"widget\" data-e-type=\"widget\" data-widget_type=\"heading.default\">\n\t\t\t\t<div class=\"elementor-widget-container\">\n\t\t\t\t\t<h2 class=\"elementor-heading-title elementor-size-default\">Circular Dynamics, Economies, and Autonomous Practices<\/h2>\t\t\t\t<\/div>\n\t\t\t\t<\/div>\n\t\t\t\t<\/div>\n\t\t<div class=\"elementor-element elementor-element-cba5b4e e-con-full e-flex e-con e-child\" data-id=\"cba5b4e\" data-element_type=\"container\" data-e-type=\"container\">\n\t\t\t\t<div class=\"elementor-element elementor-element-0d4d868 elementor-widget elementor-widget-text-editor\" data-id=\"0d4d868\" data-element_type=\"widget\" data-e-type=\"widget\" data-widget_type=\"text-editor.default\">\n\t\t\t\t<div class=\"elementor-widget-container\">\n\t\t\t\t\t\t\t\t\t<p>A reflection on alternative models of production, consumption, and organization based on regenerative principles, prioritizing reuse, self-sufficiency, and ecological balance. This approach imagines and fosters sustainable systems that support autonomous and resilient practices adapted to their specific environments.<\/p>\t\t\t\t\t\t\t\t<\/div>\n\t\t\t\t<\/div>\n\t\t\t\t<div class=\"elementor-element elementor-element-eb69e0d elementor-widget elementor-widget-spacer\" data-id=\"eb69e0d\" data-element_type=\"widget\" data-e-type=\"widget\" data-widget_type=\"spacer.default\">\n\t\t\t\t<div class=\"elementor-widget-container\">\n\t\t\t\t\t\t\t<div class=\"elementor-spacer\">\n\t\t\t<div class=\"elementor-spacer-inner\"><\/div>\n\t\t<\/div>\n\t\t\t\t\t\t<\/div>\n\t\t\t\t<\/div>\n\t\t\t\t<\/div>\n\t\t\t\t\t<\/div>\n\t\t\t\t<\/div>\n\t\t<div id=\"e-n-tab-content-1177408923\" role=\"tabpanel\" aria-labelledby=\"e-n-tab-title-1177408923\" data-tab-index=\"3\" style=\"--n-tabs-title-order: 3;\" class=\" elementor-element elementor-element-8071e54 e-flex e-con-boxed e-con e-child\" data-id=\"8071e54\" data-element_type=\"container\" data-e-type=\"container\" data-settings=\"{&quot;background_background&quot;:&quot;classic&quot;}\">\n\t\t\t\t\t<div class=\"e-con-inner\">\n\t\t<div class=\"elementor-element elementor-element-8dd82a0 e-con-full e-flex e-con e-child\" data-id=\"8dd82a0\" data-element_type=\"container\" data-e-type=\"container\">\n\t\t\t\t<div class=\"elementor-element elementor-element-c34a046 elementor-widget elementor-widget-spacer\" data-id=\"c34a046\" data-element_type=\"widget\" data-e-type=\"widget\" data-widget_type=\"spacer.default\">\n\t\t\t\t<div class=\"elementor-widget-container\">\n\t\t\t\t\t\t\t<div class=\"elementor-spacer\">\n\t\t\t<div class=\"elementor-spacer-inner\"><\/div>\n\t\t<\/div>\n\t\t\t\t\t\t<\/div>\n\t\t\t\t<\/div>\n\t\t\t\t<div class=\"vamtam-has-theme-widget-styles elementor-element elementor-element-c35b9ef elementor-widget__width-initial elementor-widget elementor-widget-heading\" data-id=\"c35b9ef\" data-element_type=\"widget\" data-e-type=\"widget\" data-widget_type=\"heading.default\">\n\t\t\t\t<div class=\"elementor-widget-container\">\n\t\t\t\t\t<h2 class=\"elementor-heading-title elementor-size-default\">Open Knowledge Through Art and Science, Shared Democratically<\/h2>\t\t\t\t<\/div>\n\t\t\t\t<\/div>\n\t\t\t\t<\/div>\n\t\t<div class=\"elementor-element elementor-element-4453b48 e-con-full e-flex e-con e-child\" data-id=\"4453b48\" data-element_type=\"container\" data-e-type=\"container\">\n\t\t\t\t<div class=\"elementor-element elementor-element-071075f elementor-widget elementor-widget-text-editor\" data-id=\"071075f\" data-element_type=\"widget\" data-e-type=\"widget\" data-widget_type=\"text-editor.default\">\n\t\t\t\t<div class=\"elementor-widget-container\">\n\t\t\t\t\t\t\t\t\t<p>This theme explores ways to democratize access to knowledge through the fusion of art, science, and technology. It highlights the potential of open platforms and Artificial Intelligence to facilitate collective learning, inspire creative practices, and ensure equitable access to global knowledge while addressing contemporary challenges.<\/p>\t\t\t\t\t\t\t\t<\/div>\n\t\t\t\t<\/div>\n\t\t\t\t<div class=\"elementor-element elementor-element-0507168 elementor-widget elementor-widget-spacer\" data-id=\"0507168\" data-element_type=\"widget\" data-e-type=\"widget\" data-widget_type=\"spacer.default\">\n\t\t\t\t<div class=\"elementor-widget-container\">\n\t\t\t\t\t\t\t<div class=\"elementor-spacer\">\n\t\t\t<div class=\"elementor-spacer-inner\"><\/div>\n\t\t<\/div>\n\t\t\t\t\t\t<\/div>\n\t\t\t\t<\/div>\n\t\t\t\t<\/div>\n\t\t\t\t\t<\/div>\n\t\t\t\t<\/div>\n\t\t<div id=\"e-n-tab-content-1177408924\" role=\"tabpanel\" aria-labelledby=\"e-n-tab-title-1177408924\" data-tab-index=\"4\" style=\"--n-tabs-title-order: 4;\" class=\" elementor-element elementor-element-d08cffa e-flex e-con-boxed e-con e-child\" data-id=\"d08cffa\" data-element_type=\"container\" data-e-type=\"container\" data-settings=\"{&quot;background_background&quot;:&quot;classic&quot;}\">\n\t\t\t\t\t<div class=\"e-con-inner\">\n\t\t<div class=\"elementor-element elementor-element-42c9bb1 e-con-full e-flex e-con e-child\" data-id=\"42c9bb1\" data-element_type=\"container\" data-e-type=\"container\">\n\t\t\t\t<div class=\"elementor-element elementor-element-92638ac elementor-widget elementor-widget-spacer\" data-id=\"92638ac\" data-element_type=\"widget\" data-e-type=\"widget\" data-widget_type=\"spacer.default\">\n\t\t\t\t<div class=\"elementor-widget-container\">\n\t\t\t\t\t\t\t<div class=\"elementor-spacer\">\n\t\t\t<div class=\"elementor-spacer-inner\"><\/div>\n\t\t<\/div>\n\t\t\t\t\t\t<\/div>\n\t\t\t\t<\/div>\n\t\t\t\t<div class=\"vamtam-has-theme-widget-styles elementor-element elementor-element-b5a6092 elementor-widget__width-initial elementor-widget elementor-widget-heading\" data-id=\"b5a6092\" data-element_type=\"widget\" data-e-type=\"widget\" data-widget_type=\"heading.default\">\n\t\t\t\t<div class=\"elementor-widget-container\">\n\t\t\t\t\t<h2 class=\"elementor-heading-title elementor-size-default\">Innovation Grounded in Ancestral Memory and Its Contemporary Relevance<\/h2>\t\t\t\t<\/div>\n\t\t\t\t<\/div>\n\t\t\t\t<\/div>\n\t\t<div class=\"elementor-element elementor-element-2dee540 e-con-full e-flex e-con e-child\" data-id=\"2dee540\" data-element_type=\"container\" data-e-type=\"container\">\n\t\t\t\t<div class=\"elementor-element elementor-element-1df3db2 elementor-widget elementor-widget-text-editor\" data-id=\"1df3db2\" data-element_type=\"widget\" data-e-type=\"widget\" data-widget_type=\"text-editor.default\">\n\t\t\t\t<div class=\"elementor-widget-container\">\n\t\t\t\t\t\t\t\t\t<p>A reimagining of ancestral knowledge in modern contexts, integrating traditional wisdom with contemporary technologies to inspire sustainable solutions. This theme values the richness of collective memory and its applications in creative processes, fostering an ongoing dialogue between the wisdom of the past and technological advances.<\/p>\t\t\t\t\t\t\t\t<\/div>\n\t\t\t\t<\/div>\n\t\t\t\t<div class=\"elementor-element elementor-element-d99a65a elementor-widget elementor-widget-spacer\" data-id=\"d99a65a\" data-element_type=\"widget\" data-e-type=\"widget\" data-widget_type=\"spacer.default\">\n\t\t\t\t<div class=\"elementor-widget-container\">\n\t\t\t\t\t\t\t<div class=\"elementor-spacer\">\n\t\t\t<div class=\"elementor-spacer-inner\"><\/div>\n\t\t<\/div>\n\t\t\t\t\t\t<\/div>\n\t\t\t\t<\/div>\n\t\t\t\t<\/div>\n\t\t\t\t\t<\/div>\n\t\t\t\t<\/div>\n\t\t<div id=\"e-n-tab-content-1177408925\" role=\"tabpanel\" aria-labelledby=\"e-n-tab-title-1177408925\" data-tab-index=\"5\" style=\"--n-tabs-title-order: 5;\" class=\" elementor-element elementor-element-8de83e6 e-flex e-con-boxed e-con e-child\" data-id=\"8de83e6\" data-element_type=\"container\" data-e-type=\"container\" data-settings=\"{&quot;background_background&quot;:&quot;classic&quot;}\">\n\t\t\t\t\t<div class=\"e-con-inner\">\n\t\t<div class=\"elementor-element elementor-element-c3ca399 e-con-full e-flex e-con e-child\" data-id=\"c3ca399\" data-element_type=\"container\" data-e-type=\"container\">\n\t\t\t\t<div class=\"elementor-element elementor-element-25be921 elementor-widget elementor-widget-spacer\" data-id=\"25be921\" data-element_type=\"widget\" data-e-type=\"widget\" data-widget_type=\"spacer.default\">\n\t\t\t\t<div class=\"elementor-widget-container\">\n\t\t\t\t\t\t\t<div class=\"elementor-spacer\">\n\t\t\t<div class=\"elementor-spacer-inner\"><\/div>\n\t\t<\/div>\n\t\t\t\t\t\t<\/div>\n\t\t\t\t<\/div>\n\t\t\t\t<div class=\"vamtam-has-theme-widget-styles elementor-element elementor-element-d79c8c8 elementor-widget__width-initial elementor-widget elementor-widget-heading\" data-id=\"d79c8c8\" data-element_type=\"widget\" data-e-type=\"widget\" data-widget_type=\"heading.default\">\n\t\t\t\t<div class=\"elementor-widget-container\">\n\t\t\t\t\t<h2 class=\"elementor-heading-title elementor-size-default\">Future Memories: Documentation, Conservation, and New Tools for Research and Archiving<\/h2>\t\t\t\t<\/div>\n\t\t\t\t<\/div>\n\t\t\t\t<\/div>\n\t\t<div class=\"elementor-element elementor-element-cf53d6a e-con-full e-flex e-con e-child\" data-id=\"cf53d6a\" data-element_type=\"container\" data-e-type=\"container\">\n\t\t\t\t<div class=\"elementor-element elementor-element-4001607 elementor-widget elementor-widget-text-editor\" data-id=\"4001607\" data-element_type=\"widget\" data-e-type=\"widget\" data-widget_type=\"text-editor.default\">\n\t\t\t\t<div class=\"elementor-widget-container\">\n\t\t\t\t\t\t\t\t\t<p>Exploring the challenge of preserving knowledge and culture in a constantly evolving world through emerging technologies. This theme prioritizes innovative documentation and conservation strategies, fostering narratives that connect the past, present, and future while ensuring the continuity of collective memory.<\/p>\t\t\t\t\t\t\t\t<\/div>\n\t\t\t\t<\/div>\n\t\t\t\t<div class=\"elementor-element elementor-element-fe4e54e elementor-widget elementor-widget-spacer\" data-id=\"fe4e54e\" data-element_type=\"widget\" data-e-type=\"widget\" data-widget_type=\"spacer.default\">\n\t\t\t\t<div class=\"elementor-widget-container\">\n\t\t\t\t\t\t\t<div class=\"elementor-spacer\">\n\t\t\t<div class=\"elementor-spacer-inner\"><\/div>\n\t\t<\/div>\n\t\t\t\t\t\t<\/div>\n\t\t\t\t<\/div>\n\t\t\t\t<\/div>\n\t\t\t\t\t<\/div>\n\t\t\t\t<\/div>\n\t\t<div id=\"e-n-tab-content-1177408926\" role=\"tabpanel\" aria-labelledby=\"e-n-tab-title-1177408926\" data-tab-index=\"6\" style=\"--n-tabs-title-order: 6;\" class=\" elementor-element elementor-element-ef4ba3a e-flex e-con-boxed e-con e-child\" data-id=\"ef4ba3a\" data-element_type=\"container\" data-e-type=\"container\" data-settings=\"{&quot;background_background&quot;:&quot;classic&quot;}\">\n\t\t\t\t\t<div class=\"e-con-inner\">\n\t\t<div class=\"elementor-element elementor-element-eeb0e00 e-con-full e-flex e-con e-child\" data-id=\"eeb0e00\" data-element_type=\"container\" data-e-type=\"container\">\n\t\t\t\t<div class=\"elementor-element elementor-element-7ff71f0 elementor-widget elementor-widget-spacer\" data-id=\"7ff71f0\" data-element_type=\"widget\" data-e-type=\"widget\" data-widget_type=\"spacer.default\">\n\t\t\t\t<div class=\"elementor-widget-container\">\n\t\t\t\t\t\t\t<div class=\"elementor-spacer\">\n\t\t\t<div class=\"elementor-spacer-inner\"><\/div>\n\t\t<\/div>\n\t\t\t\t\t\t<\/div>\n\t\t\t\t<\/div>\n\t\t\t\t<div class=\"vamtam-has-theme-widget-styles elementor-element elementor-element-08bfc91 elementor-widget__width-initial elementor-widget elementor-widget-heading\" data-id=\"08bfc91\" data-element_type=\"widget\" data-e-type=\"widget\" data-widget_type=\"heading.default\">\n\t\t\t\t<div class=\"elementor-widget-container\">\n\t\t\t\t\t<h2 class=\"elementor-heading-title elementor-size-default\">Pioneers of Media Art<\/h2>\t\t\t\t<\/div>\n\t\t\t\t<\/div>\n\t\t\t\t<\/div>\n\t\t<div class=\"elementor-element elementor-element-5dfce83 e-con-full e-flex e-con e-child\" data-id=\"5dfce83\" data-element_type=\"container\" data-e-type=\"container\">\n\t\t\t\t<div class=\"elementor-element elementor-element-2e4c1ec elementor-widget elementor-widget-text-editor\" data-id=\"2e4c1ec\" data-element_type=\"widget\" data-e-type=\"widget\" data-widget_type=\"text-editor.default\">\n\t\t\t\t<div class=\"elementor-widget-container\">\n\t\t\t\t\t\t\t\t\t<p>A tribute to the pioneers who have shaped Media Art as an interdisciplinary field, examining its historical impact and continuing influence. This theme encourages reflection on how their visionary contributions continue to inspire contemporary artistic, scientific, and technological practices, linking foundational principles with current trends.<\/p>\t\t\t\t\t\t\t\t<\/div>\n\t\t\t\t<\/div>\n\t\t\t\t<div class=\"elementor-element elementor-element-3727012 elementor-widget elementor-widget-spacer\" data-id=\"3727012\" data-element_type=\"widget\" data-e-type=\"widget\" data-widget_type=\"spacer.default\">\n\t\t\t\t<div class=\"elementor-widget-container\">\n\t\t\t\t\t\t\t<div class=\"elementor-spacer\">\n\t\t\t<div class=\"elementor-spacer-inner\"><\/div>\n\t\t<\/div>\n\t\t\t\t\t\t<\/div>\n\t\t\t\t<\/div>\n\t\t\t\t<\/div>\n\t\t\t\t\t<\/div>\n\t\t\t\t<\/div>\n\t\t\t\t\t<\/div>\n\t\t<\/div>\n\t\t\t\t\t\t<\/div>\n\t\t\t\t<\/div>\n\t\t\t\t\t<\/div>\n\t\t\t\t<\/div>\n\t\t<div class=\"elementor-element elementor-element-fab4e9a e-flex e-con-boxed e-con e-parent\" data-id=\"fab4e9a\" data-element_type=\"container\" data-e-type=\"container\" data-settings=\"{&quot;background_background&quot;:&quot;classic&quot;}\">\n\t\t\t\t\t<div class=\"e-con-inner\">\n\t\t\t\t<div class=\"vamtam-has-theme-widget-styles elementor-element elementor-element-093c159 elementor-widget elementor-widget-heading\" data-id=\"093c159\" data-element_type=\"widget\" data-e-type=\"widget\" data-widget_type=\"heading.default\">\n\t\t\t\t<div class=\"elementor-widget-container\">\n\t\t\t\t\t<h6 class=\"elementor-heading-title elementor-size-default\">Keynote Speakers<\/h6>\t\t\t\t<\/div>\n\t\t\t\t<\/div>\n\t\t<div class=\"elementor-element elementor-element-6c42c8b e-con-full e-grid e-con e-child\" data-id=\"6c42c8b\" data-element_type=\"container\" data-e-type=\"container\">\n\t\t<div class=\"elementor-element elementor-element-611f600 e-con-full e-flex e-con e-child\" data-id=\"611f600\" data-element_type=\"container\" data-e-type=\"container\">\n\t\t\t\t<div class=\"elementor-element elementor-element-4586a3d elementor-widget elementor-widget-image\" data-id=\"4586a3d\" data-element_type=\"widget\" data-e-type=\"widget\" data-widget_type=\"image.default\">\n\t\t\t\t<div class=\"elementor-widget-container\">\n\t\t\t\t\t\t\t\t\t\t\t\t\t\t\t\t<a href=\"https:\/\/www.festivaldelaimagen.com\/?page_id=988869\">\n\t\t\t\t\t\t\t<img decoding=\"async\" width=\"447\" height=\"536\" src=\"https:\/\/www.festivaldelaimagen.com\/wp-content\/uploads\/2026\/02\/invitado_7.png\" class=\"attachment-large size-large wp-image-987941\" alt=\"Invitado\" srcset=\"https:\/\/www.festivaldelaimagen.com\/wp-content\/uploads\/2026\/02\/invitado_7.png 447w, https:\/\/www.festivaldelaimagen.com\/wp-content\/uploads\/2026\/02\/invitado_7-250x300.png 250w\" sizes=\"(max-width: 447px) 100vw, 447px\" \/>\t\t\t\t\t\t\t\t<\/a>\n\t\t\t\t\t\t\t\t\t\t\t\t\t\t\t<\/div>\n\t\t\t\t<\/div>\n\t\t\t\t<div class=\"vamtam-has-theme-widget-styles elementor-element elementor-element-c5cc2e3 elementor-widget elementor-widget-heading\" data-id=\"c5cc2e3\" data-element_type=\"widget\" data-e-type=\"widget\" data-widget_type=\"heading.default\">\n\t\t\t\t<div class=\"elementor-widget-container\">\n\t\t\t\t\t<h2 class=\"elementor-heading-title elementor-size-default\">Manthia Diawara<\/h2>\t\t\t\t<\/div>\n\t\t\t\t<\/div>\n\t\t\t\t<div class=\"vamtam-has-theme-widget-styles elementor-element elementor-element-2aa9a3a elementor-widget elementor-widget-heading\" data-id=\"2aa9a3a\" data-element_type=\"widget\" data-e-type=\"widget\" data-widget_type=\"heading.default\">\n\t\t\t\t<div class=\"elementor-widget-container\">\n\t\t\t\t\t<h1 class=\"elementor-heading-title elementor-size-default\">\u2014 Editor and researcher in digital culture<\/h1>\t\t\t\t<\/div>\n\t\t\t\t<\/div>\n\t\t\t\t<\/div>\n\t\t<div class=\"elementor-element elementor-element-8ac5562 e-con-full e-flex e-con e-child\" data-id=\"8ac5562\" data-element_type=\"container\" data-e-type=\"container\">\n\t\t\t\t<div class=\"elementor-element elementor-element-8d4491d elementor-widget elementor-widget-image\" data-id=\"8d4491d\" data-element_type=\"widget\" data-e-type=\"widget\" data-widget_type=\"image.default\">\n\t\t\t\t<div class=\"elementor-widget-container\">\n\t\t\t\t\t\t\t\t\t\t\t\t\t\t\t\t<a href=\"https:\/\/www.festivaldelaimagen.com\/?page_id=988859\">\n\t\t\t\t\t\t\t<img decoding=\"async\" width=\"447\" height=\"536\" src=\"https:\/\/www.festivaldelaimagen.com\/wp-content\/uploads\/2026\/02\/invitado_2.png\" class=\"attachment-large size-large wp-image-987857\" alt=\"Invitado\" srcset=\"https:\/\/www.festivaldelaimagen.com\/wp-content\/uploads\/2026\/02\/invitado_2.png 447w, https:\/\/www.festivaldelaimagen.com\/wp-content\/uploads\/2026\/02\/invitado_2-250x300.png 250w\" sizes=\"(max-width: 447px) 100vw, 447px\" \/>\t\t\t\t\t\t\t\t<\/a>\n\t\t\t\t\t\t\t\t\t\t\t\t\t\t\t<\/div>\n\t\t\t\t<\/div>\n\t\t\t\t<div class=\"vamtam-has-theme-widget-styles elementor-element elementor-element-4e545f9 elementor-widget elementor-widget-heading\" data-id=\"4e545f9\" data-element_type=\"widget\" data-e-type=\"widget\" data-widget_type=\"heading.default\">\n\t\t\t\t<div class=\"elementor-widget-container\">\n\t\t\t\t\t<h2 class=\"elementor-heading-title elementor-size-default\">Chris Salter<\/h2>\t\t\t\t<\/div>\n\t\t\t\t<\/div>\n\t\t\t\t<div class=\"vamtam-has-theme-widget-styles elementor-element elementor-element-18102e8 elementor-widget elementor-widget-heading\" data-id=\"18102e8\" data-element_type=\"widget\" data-e-type=\"widget\" data-widget_type=\"heading.default\">\n\t\t\t\t<div class=\"elementor-widget-container\">\n\t\t\t\t\t<h1 class=\"elementor-heading-title elementor-size-default\">\u2014 Artist and researcher in immersive arts<\/h1>\t\t\t\t<\/div>\n\t\t\t\t<\/div>\n\t\t\t\t<\/div>\n\t\t<div class=\"elementor-element elementor-element-3dfdd99 e-con-full e-flex e-con e-child\" data-id=\"3dfdd99\" data-element_type=\"container\" data-e-type=\"container\">\n\t\t\t\t<div class=\"elementor-element elementor-element-734703f elementor-widget elementor-widget-image\" data-id=\"734703f\" data-element_type=\"widget\" data-e-type=\"widget\" data-widget_type=\"image.default\">\n\t\t\t\t<div class=\"elementor-widget-container\">\n\t\t\t\t\t\t\t\t\t\t\t\t\t\t\t\t<a href=\"https:\/\/www.festivaldelaimagen.com\/?page_id=988801\">\n\t\t\t\t\t\t\t<img loading=\"lazy\" decoding=\"async\" width=\"447\" height=\"536\" src=\"https:\/\/www.festivaldelaimagen.com\/wp-content\/uploads\/2026\/02\/invitado_3.png\" class=\"attachment-large size-large wp-image-987858\" alt=\"Invitado\" srcset=\"https:\/\/www.festivaldelaimagen.com\/wp-content\/uploads\/2026\/02\/invitado_3.png 447w, https:\/\/www.festivaldelaimagen.com\/wp-content\/uploads\/2026\/02\/invitado_3-250x300.png 250w\" sizes=\"(max-width: 447px) 100vw, 447px\" \/>\t\t\t\t\t\t\t\t<\/a>\n\t\t\t\t\t\t\t\t\t\t\t\t\t\t\t<\/div>\n\t\t\t\t<\/div>\n\t\t\t\t<div class=\"vamtam-has-theme-widget-styles elementor-element elementor-element-68b0e1d elementor-widget elementor-widget-heading\" data-id=\"68b0e1d\" data-element_type=\"widget\" data-e-type=\"widget\" data-widget_type=\"heading.default\">\n\t\t\t\t<div class=\"elementor-widget-container\">\n\t\t\t\t\t<h2 class=\"elementor-heading-title elementor-size-default\">Esteban Garc\u00eda Bravo<\/h2>\t\t\t\t<\/div>\n\t\t\t\t<\/div>\n\t\t\t\t<div class=\"vamtam-has-theme-widget-styles elementor-element elementor-element-5b1cf71 elementor-widget elementor-widget-heading\" data-id=\"5b1cf71\" data-element_type=\"widget\" data-e-type=\"widget\" data-widget_type=\"heading.default\">\n\t\t\t\t<div class=\"elementor-widget-container\">\n\t\t\t\t\t<h1 class=\"elementor-heading-title elementor-size-default\">\u2014 Artist and media art curator<\/h1>\t\t\t\t<\/div>\n\t\t\t\t<\/div>\n\t\t\t\t<\/div>\n\t\t<div class=\"elementor-element elementor-element-b8ccea8 e-con-full e-flex e-con e-child\" data-id=\"b8ccea8\" data-element_type=\"container\" data-e-type=\"container\">\n\t\t\t\t<div class=\"elementor-element elementor-element-9f77369 elementor-widget elementor-widget-image\" data-id=\"9f77369\" data-element_type=\"widget\" data-e-type=\"widget\" data-widget_type=\"image.default\">\n\t\t\t\t<div class=\"elementor-widget-container\">\n\t\t\t\t\t\t\t\t\t\t\t\t\t\t\t\t<a href=\"https:\/\/www.festivaldelaimagen.com\/?page_id=988791\">\n\t\t\t\t\t\t\t<img loading=\"lazy\" decoding=\"async\" width=\"447\" height=\"536\" src=\"https:\/\/www.festivaldelaimagen.com\/wp-content\/uploads\/2026\/02\/invitado_6.png\" class=\"attachment-large size-large wp-image-987942\" alt=\"Invitado\" srcset=\"https:\/\/www.festivaldelaimagen.com\/wp-content\/uploads\/2026\/02\/invitado_6.png 447w, https:\/\/www.festivaldelaimagen.com\/wp-content\/uploads\/2026\/02\/invitado_6-250x300.png 250w\" sizes=\"(max-width: 447px) 100vw, 447px\" \/>\t\t\t\t\t\t\t\t<\/a>\n\t\t\t\t\t\t\t\t\t\t\t\t\t\t\t<\/div>\n\t\t\t\t<\/div>\n\t\t\t\t<div class=\"vamtam-has-theme-widget-styles elementor-element elementor-element-54a2092 elementor-widget elementor-widget-heading\" data-id=\"54a2092\" data-element_type=\"widget\" data-e-type=\"widget\" data-widget_type=\"heading.default\">\n\t\t\t\t<div class=\"elementor-widget-container\">\n\t\t\t\t\t<h2 class=\"elementor-heading-title elementor-size-default\">Gabriela Aceves<\/h2>\t\t\t\t<\/div>\n\t\t\t\t<\/div>\n\t\t\t\t<div class=\"vamtam-has-theme-widget-styles elementor-element elementor-element-fbbeee8 elementor-widget elementor-widget-heading\" data-id=\"fbbeee8\" data-element_type=\"widget\" data-e-type=\"widget\" data-widget_type=\"heading.default\">\n\t\t\t\t<div class=\"elementor-widget-container\">\n\t\t\t\t\t<h1 class=\"elementor-heading-title elementor-size-default\">\u2014 Visual artist<\/h1>\t\t\t\t<\/div>\n\t\t\t\t<\/div>\n\t\t\t\t<\/div>\n\t\t\t\t<\/div>\n\t\t\t\t<div class=\"elementor-element elementor-element-3948c2b elementor-widget elementor-widget-spacer\" data-id=\"3948c2b\" data-element_type=\"widget\" data-e-type=\"widget\" data-widget_type=\"spacer.default\">\n\t\t\t\t<div class=\"elementor-widget-container\">\n\t\t\t\t\t\t\t<div class=\"elementor-spacer\">\n\t\t\t<div class=\"elementor-spacer-inner\"><\/div>\n\t\t<\/div>\n\t\t\t\t\t\t<\/div>\n\t\t\t\t<\/div>\n\t\t\t\t\t<\/div>\n\t\t\t\t<\/div>\n\t\t<div class=\"elementor-element elementor-element-c831d22 e-flex e-con-boxed e-con e-parent\" data-id=\"c831d22\" data-element_type=\"container\" data-e-type=\"container\" data-settings=\"{&quot;background_background&quot;:&quot;classic&quot;}\">\n\t\t\t\t\t<div class=\"e-con-inner\">\n\t\t\t\t<div class=\"vamtam-has-theme-widget-styles elementor-element elementor-element-fb73228 elementor-widget elementor-widget-heading\" data-id=\"fb73228\" data-element_type=\"widget\" data-e-type=\"widget\" data-widget_type=\"heading.default\">\n\t\t\t\t<div class=\"elementor-widget-container\">\n\t\t\t\t\t<h6 class=\"elementor-heading-title elementor-size-default\">Invitados<\/h6>\t\t\t\t<\/div>\n\t\t\t\t<\/div>\n\t\t<div class=\"elementor-element elementor-element-333c200 e-con-full e-grid e-con e-child\" data-id=\"333c200\" data-element_type=\"container\" data-e-type=\"container\">\n\t\t<div class=\"elementor-element elementor-element-15180f3 e-con-full e-flex e-con e-child\" data-id=\"15180f3\" data-element_type=\"container\" data-e-type=\"container\">\n\t\t\t\t<div class=\"elementor-element elementor-element-acc27a5 elementor-widget elementor-widget-image\" data-id=\"acc27a5\" data-element_type=\"widget\" data-e-type=\"widget\" data-widget_type=\"image.default\">\n\t\t\t\t<div class=\"elementor-widget-container\">\n\t\t\t\t\t\t\t\t\t\t\t\t\t\t\t\t<a href=\"https:\/\/www.festivaldelaimagen.com\/?page_id=988836\">\n\t\t\t\t\t\t\t<img loading=\"lazy\" decoding=\"async\" width=\"447\" height=\"536\" src=\"https:\/\/www.festivaldelaimagen.com\/wp-content\/uploads\/2026\/02\/invitado_8.png\" class=\"attachment-large size-large wp-image-987954\" alt=\"Invitado\" srcset=\"https:\/\/www.festivaldelaimagen.com\/wp-content\/uploads\/2026\/02\/invitado_8.png 447w, https:\/\/www.festivaldelaimagen.com\/wp-content\/uploads\/2026\/02\/invitado_8-250x300.png 250w\" sizes=\"(max-width: 447px) 100vw, 447px\" \/>\t\t\t\t\t\t\t\t<\/a>\n\t\t\t\t\t\t\t\t\t\t\t\t\t\t\t<\/div>\n\t\t\t\t<\/div>\n\t\t\t\t<div class=\"vamtam-has-theme-widget-styles elementor-element elementor-element-a990764 elementor-widget elementor-widget-heading\" data-id=\"a990764\" data-element_type=\"widget\" data-e-type=\"widget\" data-widget_type=\"heading.default\">\n\t\t\t\t<div class=\"elementor-widget-container\">\n\t\t\t\t\t<h2 class=\"elementor-heading-title elementor-size-default\">Andr\u00e9s Burbano<\/h2>\t\t\t\t<\/div>\n\t\t\t\t<\/div>\n\t\t\t\t<div class=\"vamtam-has-theme-widget-styles elementor-element elementor-element-7e98790 elementor-widget elementor-widget-heading\" data-id=\"7e98790\" data-element_type=\"widget\" data-e-type=\"widget\" data-widget_type=\"heading.default\">\n\t\t\t\t<div class=\"elementor-widget-container\">\n\t\t\t\t\t<h1 class=\"elementor-heading-title elementor-size-default\">\u2014 Editor and researcher in digital culture<\/h1>\t\t\t\t<\/div>\n\t\t\t\t<\/div>\n\t\t\t\t<\/div>\n\t\t<div class=\"elementor-element elementor-element-0e81c38 e-con-full e-flex e-con e-child\" data-id=\"0e81c38\" data-element_type=\"container\" data-e-type=\"container\">\n\t\t\t\t<div class=\"elementor-element elementor-element-40565b9 elementor-widget elementor-widget-image\" data-id=\"40565b9\" data-element_type=\"widget\" data-e-type=\"widget\" data-widget_type=\"image.default\">\n\t\t\t\t<div class=\"elementor-widget-container\">\n\t\t\t\t\t\t\t\t\t\t\t\t\t\t\t\t<a href=\"https:\/\/www.festivaldelaimagen.com\/?page_id=988908\">\n\t\t\t\t\t\t\t<img loading=\"lazy\" decoding=\"async\" width=\"447\" height=\"536\" src=\"https:\/\/www.festivaldelaimagen.com\/wp-content\/uploads\/2026\/02\/invitado_9.png\" class=\"attachment-large size-large wp-image-987955\" alt=\"Invitado\" srcset=\"https:\/\/www.festivaldelaimagen.com\/wp-content\/uploads\/2026\/02\/invitado_9.png 447w, https:\/\/www.festivaldelaimagen.com\/wp-content\/uploads\/2026\/02\/invitado_9-250x300.png 250w\" sizes=\"(max-width: 447px) 100vw, 447px\" \/>\t\t\t\t\t\t\t\t<\/a>\n\t\t\t\t\t\t\t\t\t\t\t\t\t\t\t<\/div>\n\t\t\t\t<\/div>\n\t\t\t\t<div class=\"vamtam-has-theme-widget-styles elementor-element elementor-element-5279b34 elementor-widget elementor-widget-heading\" data-id=\"5279b34\" data-element_type=\"widget\" data-e-type=\"widget\" data-widget_type=\"heading.default\">\n\t\t\t\t<div class=\"elementor-widget-container\">\n\t\t\t\t\t<h2 class=\"elementor-heading-title elementor-size-default\">Jorge la Ferla<\/h2>\t\t\t\t<\/div>\n\t\t\t\t<\/div>\n\t\t\t\t<div class=\"vamtam-has-theme-widget-styles elementor-element elementor-element-4445a76 elementor-widget elementor-widget-heading\" data-id=\"4445a76\" data-element_type=\"widget\" data-e-type=\"widget\" data-widget_type=\"heading.default\">\n\t\t\t\t<div class=\"elementor-widget-container\">\n\t\t\t\t\t<h1 class=\"elementor-heading-title elementor-size-default\">\u2014 Artist and researcher in immersive arts<\/h1>\t\t\t\t<\/div>\n\t\t\t\t<\/div>\n\t\t\t\t<\/div>\n\t\t<div class=\"elementor-element elementor-element-7a56cf9 e-con-full e-flex e-con e-child\" data-id=\"7a56cf9\" data-element_type=\"container\" data-e-type=\"container\">\n\t\t\t\t<div class=\"elementor-element elementor-element-7fb5e56 elementor-widget elementor-widget-image\" data-id=\"7fb5e56\" data-element_type=\"widget\" data-e-type=\"widget\" data-widget_type=\"image.default\">\n\t\t\t\t<div class=\"elementor-widget-container\">\n\t\t\t\t\t\t\t\t\t\t\t\t\t\t\t\t<a href=\"https:\/\/www.festivaldelaimagen.com\/?page_id=988761\">\n\t\t\t\t\t\t\t<img loading=\"lazy\" decoding=\"async\" width=\"447\" height=\"536\" src=\"https:\/\/www.festivaldelaimagen.com\/wp-content\/uploads\/2026\/02\/invitado_10.png\" class=\"attachment-large size-large wp-image-987956\" alt=\"Invitado\" srcset=\"https:\/\/www.festivaldelaimagen.com\/wp-content\/uploads\/2026\/02\/invitado_10.png 447w, https:\/\/www.festivaldelaimagen.com\/wp-content\/uploads\/2026\/02\/invitado_10-250x300.png 250w\" sizes=\"(max-width: 447px) 100vw, 447px\" \/>\t\t\t\t\t\t\t\t<\/a>\n\t\t\t\t\t\t\t\t\t\t\t\t\t\t\t<\/div>\n\t\t\t\t<\/div>\n\t\t\t\t<div class=\"vamtam-has-theme-widget-styles elementor-element elementor-element-f959201 elementor-widget elementor-widget-heading\" data-id=\"f959201\" data-element_type=\"widget\" data-e-type=\"widget\" data-widget_type=\"heading.default\">\n\t\t\t\t<div class=\"elementor-widget-container\">\n\t\t\t\t\t<h2 class=\"elementor-heading-title elementor-size-default\">Oliver Grau<\/h2>\t\t\t\t<\/div>\n\t\t\t\t<\/div>\n\t\t\t\t<div class=\"vamtam-has-theme-widget-styles elementor-element elementor-element-147270c elementor-widget elementor-widget-heading\" data-id=\"147270c\" data-element_type=\"widget\" data-e-type=\"widget\" data-widget_type=\"heading.default\">\n\t\t\t\t<div class=\"elementor-widget-container\">\n\t\t\t\t\t<h1 class=\"elementor-heading-title elementor-size-default\">\u2014 Artist and media art curator<\/h1>\t\t\t\t<\/div>\n\t\t\t\t<\/div>\n\t\t\t\t<\/div>\n\t\t<div class=\"elementor-element elementor-element-76302ea e-con-full e-flex e-con e-child\" data-id=\"76302ea\" data-element_type=\"container\" data-e-type=\"container\">\n\t\t\t\t<div class=\"elementor-element elementor-element-0011eab elementor-widget elementor-widget-image\" data-id=\"0011eab\" data-element_type=\"widget\" data-e-type=\"widget\" data-widget_type=\"image.default\">\n\t\t\t\t<div class=\"elementor-widget-container\">\n\t\t\t\t\t\t\t\t\t\t\t\t\t\t\t\t<a href=\"https:\/\/www.festivaldelaimagen.com\/?page_id=988766\">\n\t\t\t\t\t\t\t<img loading=\"lazy\" decoding=\"async\" width=\"447\" height=\"536\" src=\"https:\/\/www.festivaldelaimagen.com\/wp-content\/uploads\/2026\/02\/invitado_11.png\" class=\"attachment-large size-large wp-image-987957\" alt=\"Invitado\" srcset=\"https:\/\/www.festivaldelaimagen.com\/wp-content\/uploads\/2026\/02\/invitado_11.png 447w, https:\/\/www.festivaldelaimagen.com\/wp-content\/uploads\/2026\/02\/invitado_11-250x300.png 250w\" sizes=\"(max-width: 447px) 100vw, 447px\" \/>\t\t\t\t\t\t\t\t<\/a>\n\t\t\t\t\t\t\t\t\t\t\t\t\t\t\t<\/div>\n\t\t\t\t<\/div>\n\t\t\t\t<div class=\"vamtam-has-theme-widget-styles elementor-element elementor-element-44afa08 elementor-widget elementor-widget-heading\" data-id=\"44afa08\" data-element_type=\"widget\" data-e-type=\"widget\" data-widget_type=\"heading.default\">\n\t\t\t\t<div class=\"elementor-widget-container\">\n\t\t\t\t\t<h2 class=\"elementor-heading-title elementor-size-default\">Jos\u00e9-Carlos Mari\u00e1tegui<\/h2>\t\t\t\t<\/div>\n\t\t\t\t<\/div>\n\t\t\t\t<div class=\"vamtam-has-theme-widget-styles elementor-element elementor-element-6bad809 elementor-widget elementor-widget-heading\" data-id=\"6bad809\" data-element_type=\"widget\" data-e-type=\"widget\" data-widget_type=\"heading.default\">\n\t\t\t\t<div class=\"elementor-widget-container\">\n\t\t\t\t\t<h1 class=\"elementor-heading-title elementor-size-default\">\u2014 Visual artist<\/h1>\t\t\t\t<\/div>\n\t\t\t\t<\/div>\n\t\t\t\t<\/div>\n\t\t<div class=\"elementor-element elementor-element-2723c00 e-con-full e-flex e-con e-child\" data-id=\"2723c00\" data-element_type=\"container\" data-e-type=\"container\">\n\t\t\t\t<div class=\"elementor-element elementor-element-3a1a3ef elementor-widget elementor-widget-image\" data-id=\"3a1a3ef\" data-element_type=\"widget\" data-e-type=\"widget\" data-widget_type=\"image.default\">\n\t\t\t\t<div class=\"elementor-widget-container\">\n\t\t\t\t\t\t\t\t\t\t\t\t\t\t\t\t<a href=\"https:\/\/www.festivaldelaimagen.com\/?page_id=988646\">\n\t\t\t\t\t\t\t<img loading=\"lazy\" decoding=\"async\" width=\"447\" height=\"536\" src=\"https:\/\/www.festivaldelaimagen.com\/wp-content\/uploads\/2026\/02\/invitado_12.png\" class=\"attachment-large size-large wp-image-987958\" alt=\"Invitado\" srcset=\"https:\/\/www.festivaldelaimagen.com\/wp-content\/uploads\/2026\/02\/invitado_12.png 447w, https:\/\/www.festivaldelaimagen.com\/wp-content\/uploads\/2026\/02\/invitado_12-250x300.png 250w\" sizes=\"(max-width: 447px) 100vw, 447px\" \/>\t\t\t\t\t\t\t\t<\/a>\n\t\t\t\t\t\t\t\t\t\t\t\t\t\t\t<\/div>\n\t\t\t\t<\/div>\n\t\t\t\t<div class=\"vamtam-has-theme-widget-styles elementor-element elementor-element-38d30a9 elementor-widget elementor-widget-heading\" data-id=\"38d30a9\" data-element_type=\"widget\" data-e-type=\"widget\" data-widget_type=\"heading.default\">\n\t\t\t\t<div class=\"elementor-widget-container\">\n\t\t\t\t\t<h2 class=\"elementor-heading-title elementor-size-default\">Jos\u00e9 Ram\u00f3n Alcal\u00e1<\/h2>\t\t\t\t<\/div>\n\t\t\t\t<\/div>\n\t\t\t\t<div class=\"vamtam-has-theme-widget-styles elementor-element elementor-element-8b56f2e elementor-widget elementor-widget-heading\" data-id=\"8b56f2e\" data-element_type=\"widget\" data-e-type=\"widget\" data-widget_type=\"heading.default\">\n\t\t\t\t<div class=\"elementor-widget-container\">\n\t\t\t\t\t<h1 class=\"elementor-heading-title elementor-size-default\">\u2014 Visual artist<\/h1>\t\t\t\t<\/div>\n\t\t\t\t<\/div>\n\t\t\t\t<\/div>\n\t\t\t\t<\/div>\n\t\t\t\t<div class=\"elementor-element elementor-element-e894c92 elementor-widget elementor-widget-spacer\" data-id=\"e894c92\" data-element_type=\"widget\" data-e-type=\"widget\" data-widget_type=\"spacer.default\">\n\t\t\t\t<div class=\"elementor-widget-container\">\n\t\t\t\t\t\t\t<div class=\"elementor-spacer\">\n\t\t\t<div class=\"elementor-spacer-inner\"><\/div>\n\t\t<\/div>\n\t\t\t\t\t\t<\/div>\n\t\t\t\t<\/div>\n\t\t\t\t\t<\/div>\n\t\t\t\t<\/div>\n\t\t\t\t<\/div>\n\t\t","protected":false},"excerpt":{"rendered":"<p>XXII International Academic Forum on Design and Creation A space for reflection and dialogue around design and creation, forming part of the International Image Festival. The forum brings together academic and creative voices to share experiences, research, and contemporary perspectives. Schedule NO PROGRAM SCHEDULE AVAILABLE Thematic Lines This year, the International Conference on the History&#8230;<\/p>\n","protected":false},"author":1,"featured_media":0,"parent":0,"menu_order":0,"comment_status":"closed","ping_status":"closed","template":"","meta":{"footnotes":""},"class_list":["post-989653","page","type-page","status-publish","hentry"],"_links":{"self":[{"href":"https:\/\/www.festivaldelaimagen.com\/index.php?rest_route=\/wp\/v2\/pages\/989653","targetHints":{"allow":["GET"]}}],"collection":[{"href":"https:\/\/www.festivaldelaimagen.com\/index.php?rest_route=\/wp\/v2\/pages"}],"about":[{"href":"https:\/\/www.festivaldelaimagen.com\/index.php?rest_route=\/wp\/v2\/types\/page"}],"author":[{"embeddable":true,"href":"https:\/\/www.festivaldelaimagen.com\/index.php?rest_route=\/wp\/v2\/users\/1"}],"replies":[{"embeddable":true,"href":"https:\/\/www.festivaldelaimagen.com\/index.php?rest_route=%2Fwp%2Fv2%2Fcomments&post=989653"}],"version-history":[{"count":10,"href":"https:\/\/www.festivaldelaimagen.com\/index.php?rest_route=\/wp\/v2\/pages\/989653\/revisions"}],"predecessor-version":[{"id":989670,"href":"https:\/\/www.festivaldelaimagen.com\/index.php?rest_route=\/wp\/v2\/pages\/989653\/revisions\/989670"}],"wp:attachment":[{"href":"https:\/\/www.festivaldelaimagen.com\/index.php?rest_route=%2Fwp%2Fv2%2Fmedia&parent=989653"}],"curies":[{"name":"wp","href":"https:\/\/api.w.org\/{rel}","templated":true}]}}