{"id":988869,"date":"2026-04-06T19:44:15","date_gmt":"2026-04-07T00:44:15","guid":{"rendered":"https:\/\/festivaldelaimagen.com\/rediseno\/?page_id=988869"},"modified":"2026-04-06T19:45:10","modified_gmt":"2026-04-07T00:45:10","slug":"manthia-diawara","status":"publish","type":"page","link":"https:\/\/www.festivaldelaimagen.com\/?page_id=988869","title":{"rendered":"Manthia Diawara"},"content":{"rendered":"\t\t<div data-elementor-type=\"wp-page\" data-elementor-id=\"988869\" class=\"elementor elementor-988869\" data-elementor-post-type=\"page\">\n\t\t\t\t<div class=\"elementor-element elementor-element-1889a99 e-flex e-con-boxed e-con e-parent\" data-id=\"1889a99\" data-element_type=\"container\" data-e-type=\"container\">\n\t\t\t\t\t<div class=\"e-con-inner\">\n\t\t<div class=\"elementor-element elementor-element-33251eeb e-con-full e-flex e-con e-child\" data-id=\"33251eeb\" data-element_type=\"container\" data-e-type=\"container\">\n\t\t\t\t<div class=\"vamtam-has-theme-widget-styles elementor-element elementor-element-3cfaa905 elementor-widget elementor-widget-heading\" data-id=\"3cfaa905\" data-element_type=\"widget\" data-e-type=\"widget\" data-widget_type=\"heading.default\">\n\t\t\t\t<div class=\"elementor-widget-container\">\n\t\t\t\t\t<h6 class=\"elementor-heading-title elementor-size-default\">Bio<\/h6>\t\t\t\t<\/div>\n\t\t\t\t<\/div>\n\t\t\t\t<div class=\"elementor-element elementor-element-630ed856 elementor-widget elementor-widget-text-editor\" data-id=\"630ed856\" data-element_type=\"widget\" data-e-type=\"widget\" data-widget_type=\"text-editor.default\">\n\t\t\t\t<div class=\"elementor-widget-container\">\n\t\t\t\t\t\t\t\t\t<p>Nativo de Mal\u00ed, el Profesor Diawara recibi\u00f3 su educaci\u00f3n en Francia y luego viaj\u00f3 a los Estados Unidos para sus estudios universitarios. Ha ense\u00f1ado en la Universidad de California en Santa B\u00e1rbara y en la Universidad de Pensilvania. Es autor de\u00a0<em data-start=\"246\" data-end=\"293\">We Won\u2019t Budge: An African Exile in the World<\/em>\u00a0(Basic Civitas Books, 2003),\u00a0<em data-start=\"323\" data-end=\"376\">Black-American Cinema: Aesthetics and Spectatorship<\/em>\u00a0(ed. Routledge, 1993),\u00a0<em data-start=\"400\" data-end=\"438\">African Cinema: Politics and Culture<\/em>\u00a0(Indiana University Press, 1992) y\u00a0<em data-start=\"474\" data-end=\"495\">In Search of Africa<\/em>\u00a0(Harvard University Press, 1998). Ha publicado extensamente sobre el tema del cine y la literatura de la di\u00e1spora negra. El Profesor Diawara tambi\u00e9n colabor\u00f3 con Ng\u00fbg\u00ee wa Thiong\u2019o en la realizaci\u00f3n del documental\u00a0<em data-start=\"709\" data-end=\"760\">Sembene Ousmane: The Making of the African Cinema<\/em>, y dirigi\u00f3 el documental producido en Alemania\u00a0<em data-start=\"808\" data-end=\"826\">Rouch in Reverse<\/em>.<\/p>\t\t\t\t\t\t\t\t<\/div>\n\t\t\t\t<\/div>\n\t\t\t\t<\/div>\n\t\t<div class=\"elementor-element elementor-element-292f631a e-con-full e-flex e-con e-child\" data-id=\"292f631a\" data-element_type=\"container\" data-e-type=\"container\">\n\t\t\t\t<div class=\"elementor-element elementor-element-3c887553 elementor-widget__width-inherit elementor-widget elementor-widget-image\" data-id=\"3c887553\" data-element_type=\"widget\" data-e-type=\"widget\" data-widget_type=\"image.default\">\n\t\t\t\t<div class=\"elementor-widget-container\">\n\t\t\t\t\t\t\t\t\t\t\t\t\t\t\t<img fetchpriority=\"high\" decoding=\"async\" width=\"447\" height=\"536\" src=\"https:\/\/www.festivaldelaimagen.com\/wp-content\/uploads\/2026\/02\/invitado_7.png\" class=\"attachment-large size-large wp-image-987941\" alt=\"Invitado\" srcset=\"https:\/\/www.festivaldelaimagen.com\/wp-content\/uploads\/2026\/02\/invitado_7.png 447w, https:\/\/www.festivaldelaimagen.com\/wp-content\/uploads\/2026\/02\/invitado_7-250x300.png 250w\" sizes=\"(max-width: 447px) 100vw, 447px\" \/>\t\t\t\t\t\t\t\t\t\t\t\t\t\t\t<\/div>\n\t\t\t\t<\/div>\n\t\t\t\t<\/div>\n\t\t\t\t\t<\/div>\n\t\t\t\t<\/div>\n\t\t\t\t<\/div>\n\t\t","protected":false},"excerpt":{"rendered":"<p>Eloquent portraits capturing the essence of diverse beauty.<\/p>\n","protected":false},"author":1,"featured_media":15865,"parent":4604,"menu_order":0,"comment_status":"closed","ping_status":"closed","template":"","meta":{"footnotes":""},"class_list":["post-988869","page","type-page","status-publish","has-post-thumbnail","hentry"],"_links":{"self":[{"href":"https:\/\/www.festivaldelaimagen.com\/index.php?rest_route=\/wp\/v2\/pages\/988869","targetHints":{"allow":["GET"]}}],"collection":[{"href":"https:\/\/www.festivaldelaimagen.com\/index.php?rest_route=\/wp\/v2\/pages"}],"about":[{"href":"https:\/\/www.festivaldelaimagen.com\/index.php?rest_route=\/wp\/v2\/types\/page"}],"author":[{"embeddable":true,"href":"https:\/\/www.festivaldelaimagen.com\/index.php?rest_route=\/wp\/v2\/users\/1"}],"replies":[{"embeddable":true,"href":"https:\/\/www.festivaldelaimagen.com\/index.php?rest_route=%2Fwp%2Fv2%2Fcomments&post=988869"}],"version-history":[{"count":4,"href":"https:\/\/www.festivaldelaimagen.com\/index.php?rest_route=\/wp\/v2\/pages\/988869\/revisions"}],"predecessor-version":[{"id":988873,"href":"https:\/\/www.festivaldelaimagen.com\/index.php?rest_route=\/wp\/v2\/pages\/988869\/revisions\/988873"}],"up":[{"embeddable":true,"href":"https:\/\/www.festivaldelaimagen.com\/index.php?rest_route=\/wp\/v2\/pages\/4604"}],"wp:featuredmedia":[{"embeddable":true,"href":"https:\/\/www.festivaldelaimagen.com\/index.php?rest_route=\/wp\/v2\/media\/15865"}],"wp:attachment":[{"href":"https:\/\/www.festivaldelaimagen.com\/index.php?rest_route=%2Fwp%2Fv2%2Fmedia&parent=988869"}],"curies":[{"name":"wp","href":"https:\/\/api.w.org\/{rel}","templated":true}]}}