{"id":988651,"date":"2026-04-06T13:59:45","date_gmt":"2026-04-06T18:59:45","guid":{"rendered":"https:\/\/festivaldelaimagen.com\/rediseno\/?page_id=988651"},"modified":"2026-04-06T14:00:34","modified_gmt":"2026-04-06T19:00:34","slug":"maria-ptqk","status":"publish","type":"page","link":"https:\/\/www.festivaldelaimagen.com\/?page_id=988651","title":{"rendered":"Mar\u00eda Ptqk"},"content":{"rendered":"\t\t<div data-elementor-type=\"wp-page\" data-elementor-id=\"988651\" class=\"elementor elementor-988651\" data-elementor-post-type=\"page\">\n\t\t\t\t<div class=\"elementor-element elementor-element-1889a99 e-flex e-con-boxed e-con e-parent\" data-id=\"1889a99\" data-element_type=\"container\" data-e-type=\"container\">\n\t\t\t\t\t<div class=\"e-con-inner\">\n\t\t<div class=\"elementor-element elementor-element-33251eeb e-con-full e-flex e-con e-child\" data-id=\"33251eeb\" data-element_type=\"container\" data-e-type=\"container\">\n\t\t\t\t<div class=\"vamtam-has-theme-widget-styles elementor-element elementor-element-3cfaa905 elementor-widget elementor-widget-heading\" data-id=\"3cfaa905\" data-element_type=\"widget\" data-e-type=\"widget\" data-widget_type=\"heading.default\">\n\t\t\t\t<div class=\"elementor-widget-container\">\n\t\t\t\t\t<h6 class=\"elementor-heading-title elementor-size-default\">Bio<\/h6>\t\t\t\t<\/div>\n\t\t\t\t<\/div>\n\t\t\t\t<div class=\"elementor-element elementor-element-630ed856 elementor-widget elementor-widget-text-editor\" data-id=\"630ed856\" data-element_type=\"widget\" data-e-type=\"widget\" data-widget_type=\"text-editor.default\">\n\t\t\t\t<div class=\"elementor-widget-container\">\n\t\t\t\t\t\t\t\t\t<div dir=\"ltr\"><p>Nacida en Bilbao en 1976, Maria Ptqk es curadora, investigadora y gestora cultural especializada en las intersecciones entre las artes y la cultura tecnocient\u00edfica. Doctora en investigaci\u00f3n art\u00edstica por la UPV-EHU (Premio Extraordinario de Doctorado), licenciada en Derecho y graduada en Ciencias Econ\u00f3micas, DEA en Derecho Internacional P\u00fablico en Paris II \u2013 Sorbonne y en Derecho de la Cultura en la Uned \u2013 Carlos III de Madrid.<\/p><\/div>\t\t\t\t\t\t\t\t<\/div>\n\t\t\t\t<\/div>\n\t\t\t\t<\/div>\n\t\t<div class=\"elementor-element elementor-element-292f631a e-con-full e-flex e-con e-child\" data-id=\"292f631a\" data-element_type=\"container\" data-e-type=\"container\">\n\t\t\t\t<div class=\"elementor-element elementor-element-3c887553 elementor-widget__width-inherit elementor-widget elementor-widget-image\" data-id=\"3c887553\" data-element_type=\"widget\" data-e-type=\"widget\" data-widget_type=\"image.default\">\n\t\t\t\t<div class=\"elementor-widget-container\">\n\t\t\t\t\t\t\t\t\t\t\t\t\t\t\t<img fetchpriority=\"high\" decoding=\"async\" width=\"447\" height=\"536\" src=\"https:\/\/www.festivaldelaimagen.com\/wp-content\/uploads\/2026\/03\/maria-ptqk.png\" class=\"attachment-large size-large wp-image-988348\" alt=\"\" srcset=\"https:\/\/www.festivaldelaimagen.com\/wp-content\/uploads\/2026\/03\/maria-ptqk.png 447w, https:\/\/www.festivaldelaimagen.com\/wp-content\/uploads\/2026\/03\/maria-ptqk-250x300.png 250w\" sizes=\"(max-width: 447px) 100vw, 447px\" \/>\t\t\t\t\t\t\t\t\t\t\t\t\t\t\t<\/div>\n\t\t\t\t<\/div>\n\t\t\t\t<\/div>\n\t\t\t\t\t<\/div>\n\t\t\t\t<\/div>\n\t\t\t\t<\/div>\n\t\t","protected":false},"excerpt":{"rendered":"<p>Eloquent portraits capturing the essence of diverse beauty.<\/p>\n","protected":false},"author":1,"featured_media":15865,"parent":4604,"menu_order":0,"comment_status":"closed","ping_status":"closed","template":"","meta":{"footnotes":""},"class_list":["post-988651","page","type-page","status-publish","has-post-thumbnail","hentry"],"_links":{"self":[{"href":"https:\/\/www.festivaldelaimagen.com\/index.php?rest_route=\/wp\/v2\/pages\/988651","targetHints":{"allow":["GET"]}}],"collection":[{"href":"https:\/\/www.festivaldelaimagen.com\/index.php?rest_route=\/wp\/v2\/pages"}],"about":[{"href":"https:\/\/www.festivaldelaimagen.com\/index.php?rest_route=\/wp\/v2\/types\/page"}],"author":[{"embeddable":true,"href":"https:\/\/www.festivaldelaimagen.com\/index.php?rest_route=\/wp\/v2\/users\/1"}],"replies":[{"embeddable":true,"href":"https:\/\/www.festivaldelaimagen.com\/index.php?rest_route=%2Fwp%2Fv2%2Fcomments&post=988651"}],"version-history":[{"count":4,"href":"https:\/\/www.festivaldelaimagen.com\/index.php?rest_route=\/wp\/v2\/pages\/988651\/revisions"}],"predecessor-version":[{"id":988661,"href":"https:\/\/www.festivaldelaimagen.com\/index.php?rest_route=\/wp\/v2\/pages\/988651\/revisions\/988661"}],"up":[{"embeddable":true,"href":"https:\/\/www.festivaldelaimagen.com\/index.php?rest_route=\/wp\/v2\/pages\/4604"}],"wp:featuredmedia":[{"embeddable":true,"href":"https:\/\/www.festivaldelaimagen.com\/index.php?rest_route=\/wp\/v2\/media\/15865"}],"wp:attachment":[{"href":"https:\/\/www.festivaldelaimagen.com\/index.php?rest_route=%2Fwp%2Fv2%2Fmedia&parent=988651"}],"curies":[{"name":"wp","href":"https:\/\/api.w.org\/{rel}","templated":true}]}}